{"id":9925,"date":"2024-04-18T16:38:10","date_gmt":"2024-04-18T14:38:10","guid":{"rendered":"https:\/\/phorart.com\/fotografia-de-escultura-y-otras-disciplinas-artisticas\/"},"modified":"2024-05-09T11:31:16","modified_gmt":"2024-05-09T09:31:16","slug":"fotografia-de-escultura-y-otras-disciplinas-artisticas","status":"publish","type":"page","link":"https:\/\/phorart.com\/fr\/fotografia-de-escultura-y-otras-disciplinas-artisticas\/","title":{"rendered":"Fotograf\u00eda de Escultura y otras disciplinas art\u00edsticas"},"content":{"rendered":"\t\t<div data-elementor-type=\"wp-page\" data-elementor-id=\"9925\" class=\"elementor elementor-9925 elementor-6953\">\n\t\t\t\t<div class=\"wolf-core-elementor-row wolf-core-font- elementor-element elementor-element-556252b e-con-full e-flex e-con e-parent\" data-font-skin=\"\" data-id=\"556252b\" data-element_type=\"container\">\n\t\t<div class=\"wolf-core-elementor-row wolf-core-font- elementor-element elementor-element-81c8a97 e-con-full e-flex e-con e-child\" data-font-skin=\"\" data-id=\"81c8a97\" data-element_type=\"container\">\n\t\t\t\t<div class=\" elementor-element elementor-element-8f450c8 elementor-widget elementor-widget-image\" data-id=\"8f450c8\" data-element_type=\"widget\" data-settings=\"{&quot;_animation&quot;:&quot;none&quot;}\" data-widget_type=\"image.default\">\n\t\t\t\t<div class=\"elementor-widget-container\">\n\t\t\t<style>\/*! elementor - v3.21.0 - 26-05-2024 *\/\n.elementor-widget-image{text-align:center}.elementor-widget-image a{display:inline-block}.elementor-widget-image a img[src$=\".svg\"]{width:48px}.elementor-widget-image img{vertical-align:middle;display:inline-block}<\/style>\t\t\t\t\t\t\t\t\t\t\t<a href=\"https:\/\/phorart.com\/wp-content\/uploads\/2024\/04\/Phorart-Mateo-Mate-Canon-3.jpg\" data-elementor-open-lightbox=\"yes\" data-elementor-lightbox-title=\"Phorart-Mateo-Mate-Canon-3\" data-e-action-hash=\"#elementor-action%3Aaction%3Dlightbox%26settings%3DeyJpZCI6NzEwNCwidXJsIjoiaHR0cHM6XC9cL3Bob3JhcnQuY29tXC93cC1jb250ZW50XC91cGxvYWRzXC8yMDI0XC8wNFwvUGhvcmFydC1NYXRlby1NYXRlLUNhbm9uLTMtc2NhbGVkLmpwZyJ9\" data-lbwps-width=\"2960\" data-lbwps-height=\"1973\" data-lbwps-srcsmall=\"https:\/\/phorart.com\/wp-content\/uploads\/2024\/04\/Phorart-Mateo-Mate-Canon-3-300x200.jpg\">\n\t\t\t\t\t\t\t<img fetchpriority=\"high\" decoding=\"async\" width=\"2560\" height=\"1706\" src=\"https:\/\/phorart.com\/wp-content\/uploads\/2024\/04\/Phorart-Mateo-Mate-Canon-3-scaled.jpg\" class=\"attachment-full size-full wp-image-7104\" alt=\"\" title=\"Phorart-Mateo-Mate-Canon-3\" srcset=\"https:\/\/phorart.com\/wp-content\/uploads\/2024\/04\/Phorart-Mateo-Mate-Canon-3-scaled.jpg 2560w, https:\/\/phorart.com\/wp-content\/uploads\/2024\/04\/Phorart-Mateo-Mate-Canon-3-300x200.jpg 300w, https:\/\/phorart.com\/wp-content\/uploads\/2024\/04\/Phorart-Mateo-Mate-Canon-3-1024x683.jpg 1024w, https:\/\/phorart.com\/wp-content\/uploads\/2024\/04\/Phorart-Mateo-Mate-Canon-3-768x512.jpg 768w, https:\/\/phorart.com\/wp-content\/uploads\/2024\/04\/Phorart-Mateo-Mate-Canon-3-1536x1024.jpg 1536w, https:\/\/phorart.com\/wp-content\/uploads\/2024\/04\/Phorart-Mateo-Mate-Canon-3-2048x1365.jpg 2048w, https:\/\/phorart.com\/wp-content\/uploads\/2024\/04\/Phorart-Mateo-Mate-Canon-3-855x570.jpg 855w, https:\/\/phorart.com\/wp-content\/uploads\/2024\/04\/Phorart-Mateo-Mate-Canon-3-500x333.jpg 500w, https:\/\/phorart.com\/wp-content\/uploads\/2024\/04\/Phorart-Mateo-Mate-Canon-3-550x367.jpg 550w, https:\/\/phorart.com\/wp-content\/uploads\/2024\/04\/Phorart-Mateo-Mate-Canon-3-400x267.jpg 400w, https:\/\/phorart.com\/wp-content\/uploads\/2024\/04\/Phorart-Mateo-Mate-Canon-3-1920x1280.jpg 1920w, https:\/\/phorart.com\/wp-content\/uploads\/2024\/04\/Phorart-Mateo-Mate-Canon-3-2000x1333.jpg 2000w, https:\/\/phorart.com\/wp-content\/uploads\/2024\/04\/Phorart-Mateo-Mate-Canon-3-1200x800.jpg 1200w\" sizes=\"(max-width: 2560px) 100vw, 2560px\" \/>\t\t\t\t\t\t\t\t<\/a>\n\t\t\t\t\t\t\t\t\t\t\t\t\t<\/div>\n\t\t\t\t<\/div>\n\t\t\t\t<\/div>\n\t\t<div class=\"wolf-core-elementor-row wolf-core-font-light elementor-element elementor-element-cbe266a wolf-core-font-light e-flex e-con-boxed e-con e-child\" data-font-skin=\"light\" data-id=\"cbe266a\" data-element_type=\"container\" data-settings=\"{&quot;position&quot;:&quot;absolute&quot;}\">\n\t\t\t\t\t<div class=\"e-con-inner\">\n\t\t\t\t<div class=\" elementor-element elementor-element-7bb7e15 elementor-widget elementor-widget-text-editor\" data-id=\"7bb7e15\" data-element_type=\"widget\" data-widget_type=\"text-editor.default\">\n\t\t\t\t<div class=\"elementor-widget-container\">\n\t\t\t<style>\/*! elementor - v3.21.0 - 26-05-2024 *\/\n.elementor-widget-text-editor.elementor-drop-cap-view-stacked .elementor-drop-cap{background-color:#69727d;color:#fff}.elementor-widget-text-editor.elementor-drop-cap-view-framed .elementor-drop-cap{color:#69727d;border:3px solid;background-color:transparent}.elementor-widget-text-editor:not(.elementor-drop-cap-view-default) .elementor-drop-cap{margin-top:8px}.elementor-widget-text-editor:not(.elementor-drop-cap-view-default) .elementor-drop-cap-letter{width:1em;height:1em}.elementor-widget-text-editor .elementor-drop-cap{float:left;text-align:center;line-height:1;font-size:50px}.elementor-widget-text-editor .elementor-drop-cap-letter{display:inline-block}<\/style>\t\t\t\t<h2>Fotograf\u00eda de Escultura y otras disciplinas art\u00edsticas<\/h2>\t\t\t\t\t\t<\/div>\n\t\t\t\t<\/div>\n\t\t\t\t\t<\/div>\n\t\t\t\t<\/div>\n\t\t\t\t<\/div>\n\t\t<div class=\"wolf-core-elementor-row wolf-core-font- elementor-element elementor-element-f51b571 e-con-full e-flex e-con e-parent\" data-font-skin=\"\" data-id=\"f51b571\" data-element_type=\"container\">\n\t\t\t\t<div class=\" elementor-element elementor-element-a5221d2 elementor-widget elementor-widget-text-editor\" data-id=\"a5221d2\" data-element_type=\"widget\" data-widget_type=\"text-editor.default\">\n\t\t\t\t<div class=\"elementor-widget-container\">\n\t\t\t\t\t\t\t<p>Exposici\u00f3n \u00abCanon\u00bb de Mateo Mat\u00e9 en la Sala Alcal\u00e1 31 de la Comunidad de Madrid<\/p>\t\t\t\t\t\t<\/div>\n\t\t\t\t<\/div>\n\t\t\t\t<\/div>\n\t\t<div class=\"wolf-core-elementor-row wolf-core-font- elementor-element elementor-element-c57939d e-con-full e-flex e-con e-parent\" data-font-skin=\"\" data-id=\"c57939d\" data-element_type=\"container\">\n\t\t<div class=\"wolf-core-elementor-row wolf-core-font- elementor-element elementor-element-07aa833 e-con-full e-flex e-con e-child\" data-font-skin=\"\" data-id=\"07aa833\" data-element_type=\"container\">\n\t\t\t\t<div class=\" elementor-element elementor-element-2c8d651 elementor-widget elementor-widget-image\" data-id=\"2c8d651\" data-element_type=\"widget\" data-settings=\"{&quot;_animation&quot;:&quot;none&quot;}\" data-widget_type=\"image.default\">\n\t\t\t\t<div class=\"elementor-widget-container\">\n\t\t\t\t\t\t\t\t\t\t\t\t\t\t<a href=\"https:\/\/phorart.com\/wp-content\/uploads\/2024\/04\/Phorart-Vincent-Cy-Chen-Nocturnal-Moonrise-6.jpg\" data-elementor-open-lightbox=\"yes\" data-elementor-lightbox-title=\"Nocturnal Moonrise de Vincent Cy Chen para Veta Galer\u00eda\" data-e-action-hash=\"#elementor-action%3Aaction%3Dlightbox%26settings%3DeyJpZCI6NzEwNSwidXJsIjoiaHR0cHM6XC9cL3Bob3JhcnQuY29tXC93cC1jb250ZW50XC91cGxvYWRzXC8yMDI0XC8wNFwvUGhvcmFydC1WaW5jZW50LUN5LUNoZW4tTm9jdHVybmFsLU1vb25yaXNlLTYtc2NhbGVkLmpwZyJ9\" data-lbwps-width=\"3960\" data-lbwps-height=\"2640\" data-lbwps-srcsmall=\"https:\/\/phorart.com\/wp-content\/uploads\/2024\/04\/Phorart-Vincent-Cy-Chen-Nocturnal-Moonrise-6-300x200.jpg\">\n\t\t\t\t\t\t\t<img decoding=\"async\" width=\"2560\" height=\"1707\" src=\"https:\/\/phorart.com\/wp-content\/uploads\/2024\/04\/Phorart-Vincent-Cy-Chen-Nocturnal-Moonrise-6-scaled.jpg\" class=\"attachment-full size-full wp-image-7105\" alt=\"Nocturnal Moonrise de Vincent Cy Chen para Veta Galer\u00eda\" title=\"Nocturnal Moonrise de Vincent Cy Chen para Veta Galer\u00eda\" srcset=\"https:\/\/phorart.com\/wp-content\/uploads\/2024\/04\/Phorart-Vincent-Cy-Chen-Nocturnal-Moonrise-6-scaled.jpg 2560w, https:\/\/phorart.com\/wp-content\/uploads\/2024\/04\/Phorart-Vincent-Cy-Chen-Nocturnal-Moonrise-6-300x200.jpg 300w, https:\/\/phorart.com\/wp-content\/uploads\/2024\/04\/Phorart-Vincent-Cy-Chen-Nocturnal-Moonrise-6-1024x683.jpg 1024w, https:\/\/phorart.com\/wp-content\/uploads\/2024\/04\/Phorart-Vincent-Cy-Chen-Nocturnal-Moonrise-6-768x512.jpg 768w, https:\/\/phorart.com\/wp-content\/uploads\/2024\/04\/Phorart-Vincent-Cy-Chen-Nocturnal-Moonrise-6-1536x1024.jpg 1536w, https:\/\/phorart.com\/wp-content\/uploads\/2024\/04\/Phorart-Vincent-Cy-Chen-Nocturnal-Moonrise-6-2048x1365.jpg 2048w, https:\/\/phorart.com\/wp-content\/uploads\/2024\/04\/Phorart-Vincent-Cy-Chen-Nocturnal-Moonrise-6-855x570.jpg 855w, https:\/\/phorart.com\/wp-content\/uploads\/2024\/04\/Phorart-Vincent-Cy-Chen-Nocturnal-Moonrise-6-500x333.jpg 500w, https:\/\/phorart.com\/wp-content\/uploads\/2024\/04\/Phorart-Vincent-Cy-Chen-Nocturnal-Moonrise-6-550x367.jpg 550w, https:\/\/phorart.com\/wp-content\/uploads\/2024\/04\/Phorart-Vincent-Cy-Chen-Nocturnal-Moonrise-6-400x267.jpg 400w, https:\/\/phorart.com\/wp-content\/uploads\/2024\/04\/Phorart-Vincent-Cy-Chen-Nocturnal-Moonrise-6-1920x1280.jpg 1920w, https:\/\/phorart.com\/wp-content\/uploads\/2024\/04\/Phorart-Vincent-Cy-Chen-Nocturnal-Moonrise-6-2000x1333.jpg 2000w, https:\/\/phorart.com\/wp-content\/uploads\/2024\/04\/Phorart-Vincent-Cy-Chen-Nocturnal-Moonrise-6-1200x800.jpg 1200w\" sizes=\"(max-width: 2560px) 100vw, 2560px\" \/>\t\t\t\t\t\t\t\t<\/a>\n\t\t\t\t\t\t\t\t\t\t\t\t\t<\/div>\n\t\t\t\t<\/div>\n\t\t<div class=\"wolf-core-elementor-row wolf-core-font- elementor-element elementor-element-f000a15 e-flex e-con-boxed e-con e-child\" data-font-skin=\"\" data-id=\"f000a15\" data-element_type=\"container\">\n\t\t\t\t\t<div class=\"e-con-inner\">\n\t\t\t\t<div class=\" elementor-element elementor-element-e52734a elementor-widget__width-initial elementor-widget elementor-widget-text-editor\" data-id=\"e52734a\" data-element_type=\"widget\" data-widget_type=\"text-editor.default\">\n\t\t\t\t<div class=\"elementor-widget-container\">\n\t\t\t\t\t\t\t<p>Las pr\u00e1cticas art\u00edsticas contempor\u00e1neas desbordan el concepto de \u201creproducci\u00f3n\u201d. Esculturas, artefactos, instalaciones, acciones y performances, videoarte, land art\u2026 No se reproducen, se cuentan.<br \/>En PhorArt, nuestra apasionada actividad con la fotograf\u00eda nos ha llevado por los caminos de la arquitectura, las artes esc\u00e9nicas, el reportaje social y corporativo, el mundo editorial&#8230;<br \/>Esta experiencia junto a la sensibilidad y el conocimiento adquiridos en estrecho contacto con artistas e instituciones culturales, nos capacitan para abordar la traducci\u00f3n de estas obras a fotograf\u00eda de forma certera y con criterio.<\/p>\t\t\t\t\t\t<\/div>\n\t\t\t\t<\/div>\n\t\t\t\t\t<\/div>\n\t\t\t\t<\/div>\n\t\t\t\t<\/div>\n\t\t\t\t<\/div>\n\t\t<div class=\"wolf-core-elementor-row wolf-core-font- elementor-element elementor-element-dfbd1df e-con-full e-flex e-con e-parent\" data-font-skin=\"\" data-id=\"dfbd1df\" data-element_type=\"container\">\n\t\t\t\t<div class=\"elementor-element elementor-element-7d3f451 elementor-widget-divider--view-line elementor-widget elementor-widget-divider\" data-id=\"7d3f451\" data-element_type=\"widget\" data-widget_type=\"divider.default\">\n\t\t\t\t<div class=\"elementor-widget-container\">\n\t\t\t<style>\/*! elementor - v3.21.0 - 26-05-2024 *\/\n.elementor-widget-divider{--divider-border-style:none;--divider-border-width:1px;--divider-color:#0c0d0e;--divider-icon-size:20px;--divider-element-spacing:10px;--divider-pattern-height:24px;--divider-pattern-size:20px;--divider-pattern-url:none;--divider-pattern-repeat:repeat-x}.elementor-widget-divider .elementor-divider{display:flex}.elementor-widget-divider .elementor-divider__text{font-size:15px;line-height:1;max-width:95%}.elementor-widget-divider .elementor-divider__element{margin:0 var(--divider-element-spacing);flex-shrink:0}.elementor-widget-divider .elementor-icon{font-size:var(--divider-icon-size)}.elementor-widget-divider .elementor-divider-separator{display:flex;margin:0;direction:ltr}.elementor-widget-divider--view-line_icon .elementor-divider-separator,.elementor-widget-divider--view-line_text .elementor-divider-separator{align-items:center}.elementor-widget-divider--view-line_icon .elementor-divider-separator:after,.elementor-widget-divider--view-line_icon .elementor-divider-separator:before,.elementor-widget-divider--view-line_text .elementor-divider-separator:after,.elementor-widget-divider--view-line_text .elementor-divider-separator:before{display:block;content:\"\";border-block-end:0;flex-grow:1;border-block-start:var(--divider-border-width) var(--divider-border-style) var(--divider-color)}.elementor-widget-divider--element-align-left .elementor-divider .elementor-divider-separator>.elementor-divider__svg:first-of-type{flex-grow:0;flex-shrink:100}.elementor-widget-divider--element-align-left .elementor-divider-separator:before{content:none}.elementor-widget-divider--element-align-left .elementor-divider__element{margin-left:0}.elementor-widget-divider--element-align-right .elementor-divider .elementor-divider-separator>.elementor-divider__svg:last-of-type{flex-grow:0;flex-shrink:100}.elementor-widget-divider--element-align-right .elementor-divider-separator:after{content:none}.elementor-widget-divider--element-align-right .elementor-divider__element{margin-right:0}.elementor-widget-divider--element-align-start .elementor-divider .elementor-divider-separator>.elementor-divider__svg:first-of-type{flex-grow:0;flex-shrink:100}.elementor-widget-divider--element-align-start .elementor-divider-separator:before{content:none}.elementor-widget-divider--element-align-start .elementor-divider__element{margin-inline-start:0}.elementor-widget-divider--element-align-end .elementor-divider .elementor-divider-separator>.elementor-divider__svg:last-of-type{flex-grow:0;flex-shrink:100}.elementor-widget-divider--element-align-end .elementor-divider-separator:after{content:none}.elementor-widget-divider--element-align-end .elementor-divider__element{margin-inline-end:0}.elementor-widget-divider:not(.elementor-widget-divider--view-line_text):not(.elementor-widget-divider--view-line_icon) .elementor-divider-separator{border-block-start:var(--divider-border-width) var(--divider-border-style) var(--divider-color)}.elementor-widget-divider--separator-type-pattern{--divider-border-style:none}.elementor-widget-divider--separator-type-pattern.elementor-widget-divider--view-line .elementor-divider-separator,.elementor-widget-divider--separator-type-pattern:not(.elementor-widget-divider--view-line) .elementor-divider-separator:after,.elementor-widget-divider--separator-type-pattern:not(.elementor-widget-divider--view-line) .elementor-divider-separator:before,.elementor-widget-divider--separator-type-pattern:not([class*=elementor-widget-divider--view]) .elementor-divider-separator{width:100%;min-height:var(--divider-pattern-height);-webkit-mask-size:var(--divider-pattern-size) 100%;mask-size:var(--divider-pattern-size) 100%;-webkit-mask-repeat:var(--divider-pattern-repeat);mask-repeat:var(--divider-pattern-repeat);background-color:var(--divider-color);-webkit-mask-image:var(--divider-pattern-url);mask-image:var(--divider-pattern-url)}.elementor-widget-divider--no-spacing{--divider-pattern-size:auto}.elementor-widget-divider--bg-round{--divider-pattern-repeat:round}.rtl .elementor-widget-divider .elementor-divider__text{direction:rtl}.e-con-inner>.elementor-widget-divider,.e-con>.elementor-widget-divider{width:var(--container-widget-width,100%);--flex-grow:var(--container-widget-flex-grow)}<\/style>\t\t<div class=\"elementor-divider\">\n\t\t\t<span class=\"elementor-divider-separator\">\n\t\t\t\t\t\t<\/span>\n\t\t<\/div>\n\t\t\t\t<\/div>\n\t\t\t\t<\/div>\n\t\t\t\t<div class=\" elementor-element elementor-element-d1819ce phorart-title elementor-widget elementor-widget-text-editor\" data-id=\"d1819ce\" data-element_type=\"widget\" data-widget_type=\"text-editor.default\">\n\t\t\t\t<div class=\"elementor-widget-container\">\n\t\t\t\t\t\t\t<h3>Fotograf\u00eda de Escultura<\/h3>\t\t\t\t\t\t<\/div>\n\t\t\t\t<\/div>\n\t\t\t\t<div class=\" elementor-element elementor-element-ef8e014 elementor-widget elementor-widget-image\" data-id=\"ef8e014\" data-element_type=\"widget\" data-settings=\"{&quot;_animation&quot;:&quot;none&quot;}\" data-widget_type=\"image.default\">\n\t\t\t\t<div class=\"elementor-widget-container\">\n\t\t\t\t\t\t\t\t\t\t\t\t\t\t<a href=\"https:\/\/phorart.com\/wp-content\/uploads\/2024\/04\/Phorart-Obra-de-Atanda-Quadri-Adebayo-2.jpg\" data-elementor-open-lightbox=\"no\" data-lbwps-width=\"2960\" data-lbwps-height=\"2368\" data-lbwps-srcsmall=\"https:\/\/phorart.com\/wp-content\/uploads\/2024\/04\/Phorart-Obra-de-Atanda-Quadri-Adebayo-2-300x240.jpg\">\n\t\t\t\t\t\t\t<img decoding=\"async\" width=\"2560\" height=\"2048\" src=\"https:\/\/phorart.com\/wp-content\/uploads\/2024\/04\/Phorart-Obra-de-Atanda-Quadri-Adebayo-2-scaled.jpg\" class=\"attachment-full size-full wp-image-7119\" alt=\"\" title=\"Phorart-Obra-de-Atanda-Quadri-Adebayo-2\" srcset=\"https:\/\/phorart.com\/wp-content\/uploads\/2024\/04\/Phorart-Obra-de-Atanda-Quadri-Adebayo-2-scaled.jpg 2560w, https:\/\/phorart.com\/wp-content\/uploads\/2024\/04\/Phorart-Obra-de-Atanda-Quadri-Adebayo-2-300x240.jpg 300w, https:\/\/phorart.com\/wp-content\/uploads\/2024\/04\/Phorart-Obra-de-Atanda-Quadri-Adebayo-2-1024x819.jpg 1024w, https:\/\/phorart.com\/wp-content\/uploads\/2024\/04\/Phorart-Obra-de-Atanda-Quadri-Adebayo-2-768x614.jpg 768w, https:\/\/phorart.com\/wp-content\/uploads\/2024\/04\/Phorart-Obra-de-Atanda-Quadri-Adebayo-2-1536x1229.jpg 1536w, https:\/\/phorart.com\/wp-content\/uploads\/2024\/04\/Phorart-Obra-de-Atanda-Quadri-Adebayo-2-2048x1638.jpg 2048w, https:\/\/phorart.com\/wp-content\/uploads\/2024\/04\/Phorart-Obra-de-Atanda-Quadri-Adebayo-2-713x570.jpg 713w, https:\/\/phorart.com\/wp-content\/uploads\/2024\/04\/Phorart-Obra-de-Atanda-Quadri-Adebayo-2-500x400.jpg 500w, https:\/\/phorart.com\/wp-content\/uploads\/2024\/04\/Phorart-Obra-de-Atanda-Quadri-Adebayo-2-550x440.jpg 550w, https:\/\/phorart.com\/wp-content\/uploads\/2024\/04\/Phorart-Obra-de-Atanda-Quadri-Adebayo-2-400x320.jpg 400w, https:\/\/phorart.com\/wp-content\/uploads\/2024\/04\/Phorart-Obra-de-Atanda-Quadri-Adebayo-2-1920x1536.jpg 1920w, https:\/\/phorart.com\/wp-content\/uploads\/2024\/04\/Phorart-Obra-de-Atanda-Quadri-Adebayo-2-2000x1600.jpg 2000w, https:\/\/phorart.com\/wp-content\/uploads\/2024\/04\/Phorart-Obra-de-Atanda-Quadri-Adebayo-2-1200x960.jpg 1200w\" sizes=\"(max-width: 2560px) 100vw, 2560px\" \/>\t\t\t\t\t\t\t\t<\/a>\n\t\t\t\t\t\t\t\t\t\t\t\t\t<\/div>\n\t\t\t\t<\/div>\n\t\t\t\t<div class=\" elementor-element elementor-element-8a25357 elementor-widget elementor-widget-text-editor\" data-id=\"8a25357\" data-element_type=\"widget\" data-widget_type=\"text-editor.default\">\n\t\t\t\t<div class=\"elementor-widget-container\">\n\t\t\t\t\t\t\t<p>Obra de Atanda Adebayo para la Galera Veta by Fer Franc\u00e9s<\/p>\t\t\t\t\t\t<\/div>\n\t\t\t\t<\/div>\n\t\t\t\t<\/div>\n\t\t<div class=\"wolf-core-elementor-row wolf-core-font- elementor-element elementor-element-30d7d98 e-flex e-con-boxed e-con e-parent\" data-font-skin=\"\" data-id=\"30d7d98\" data-element_type=\"container\">\n\t\t\t\t\t<div class=\"e-con-inner\">\n\t\t\t\t<div class=\" elementor-element elementor-element-67ad1ba phorart-title elementor-widget elementor-widget-text-editor\" data-id=\"67ad1ba\" data-element_type=\"widget\" data-widget_type=\"text-editor.default\">\n\t\t\t\t<div class=\"elementor-widget-container\">\n\t\t\t\t\t\t\t<p>La reproducci\u00f3n fotogr\u00e1fica de una escultura precisa de la participaci\u00f3n creativa del fot\u00f3grafo al decidir el punto de vista, la iluminaci\u00f3n, el encuadre.<\/p>\t\t\t\t\t\t<\/div>\n\t\t\t\t<\/div>\n\t\t<div class=\"wolf-core-elementor-row wolf-core-font- elementor-element elementor-element-6764f96 e-flex e-con-boxed e-con e-child\" data-font-skin=\"\" data-id=\"6764f96\" data-element_type=\"container\">\n\t\t\t\t\t<div class=\"e-con-inner\">\n\t\t<div class=\"wolf-core-elementor-row wolf-core-font- elementor-element elementor-element-6f763d6 e-con-full e-flex e-con e-child\" data-font-skin=\"\" data-id=\"6f763d6\" data-element_type=\"container\">\n\t\t\t\t<div class=\" elementor-element elementor-element-e33e08a elementor-widget elementor-widget-image\" data-id=\"e33e08a\" data-element_type=\"widget\" data-settings=\"{&quot;_animation&quot;:&quot;none&quot;}\" data-widget_type=\"image.default\">\n\t\t\t\t<div class=\"elementor-widget-container\">\n\t\t\t\t\t\t\t\t\t\t\t\t\t\t<a href=\"https:\/\/phorart.com\/wp-content\/uploads\/2024\/04\/Phorart-Conferencia-ADA.jpg\" data-elementor-open-lightbox=\"no\" data-lbwps-width=\"2560\" data-lbwps-height=\"3840\" data-lbwps-srcsmall=\"https:\/\/phorart.com\/wp-content\/uploads\/2024\/04\/Phorart-Conferencia-ADA-200x300.jpg\">\n\t\t\t\t\t\t\t<img loading=\"lazy\" decoding=\"async\" width=\"1707\" height=\"2560\" src=\"https:\/\/phorart.com\/wp-content\/uploads\/2024\/04\/Phorart-Conferencia-ADA-scaled.jpg\" class=\"attachment-phorart-2560 size-phorart-2560 wp-image-7182\" alt=\"\" title=\"Phorart-Conferencia-ADA\" srcset=\"https:\/\/phorart.com\/wp-content\/uploads\/2024\/04\/Phorart-Conferencia-ADA-scaled.jpg 1707w, https:\/\/phorart.com\/wp-content\/uploads\/2024\/04\/Phorart-Conferencia-ADA-200x300.jpg 200w, https:\/\/phorart.com\/wp-content\/uploads\/2024\/04\/Phorart-Conferencia-ADA-683x1024.jpg 683w, https:\/\/phorart.com\/wp-content\/uploads\/2024\/04\/Phorart-Conferencia-ADA-768x1152.jpg 768w, https:\/\/phorart.com\/wp-content\/uploads\/2024\/04\/Phorart-Conferencia-ADA-1024x1536.jpg 1024w, https:\/\/phorart.com\/wp-content\/uploads\/2024\/04\/Phorart-Conferencia-ADA-1365x2048.jpg 1365w, https:\/\/phorart.com\/wp-content\/uploads\/2024\/04\/Phorart-Conferencia-ADA-380x570.jpg 380w, https:\/\/phorart.com\/wp-content\/uploads\/2024\/04\/Phorart-Conferencia-ADA-333x500.jpg 333w, https:\/\/phorart.com\/wp-content\/uploads\/2024\/04\/Phorart-Conferencia-ADA-550x825.jpg 550w, https:\/\/phorart.com\/wp-content\/uploads\/2024\/04\/Phorart-Conferencia-ADA-500x750.jpg 500w, https:\/\/phorart.com\/wp-content\/uploads\/2024\/04\/Phorart-Conferencia-ADA-267x400.jpg 267w, https:\/\/phorart.com\/wp-content\/uploads\/2024\/04\/Phorart-Conferencia-ADA-1920x2880.jpg 1920w, https:\/\/phorart.com\/wp-content\/uploads\/2024\/04\/Phorart-Conferencia-ADA-2000x3000.jpg 2000w, https:\/\/phorart.com\/wp-content\/uploads\/2024\/04\/Phorart-Conferencia-ADA-1200x1800.jpg 1200w\" sizes=\"(max-width: 1707px) 100vw, 1707px\" \/>\t\t\t\t\t\t\t\t<\/a>\n\t\t\t\t\t\t\t\t\t\t\t\t\t<\/div>\n\t\t\t\t<\/div>\n\t\t\t\t<div class=\" elementor-element elementor-element-5f0f4ca elementor-widget elementor-widget-text-editor\" data-id=\"5f0f4ca\" data-element_type=\"widget\" data-widget_type=\"text-editor.default\">\n\t\t\t\t<div class=\"elementor-widget-container\">\n\t\t\t\t\t\t\t<p>\u00abEl \u00c1ngel Ca\u00eddo\u00bb Obra de Ricardo Bellver en el Parque del Retiro, Madrid.<\/p>\t\t\t\t\t\t<\/div>\n\t\t\t\t<\/div>\n\t\t\t\t<\/div>\n\t\t<div class=\"wolf-core-elementor-row wolf-core-font- elementor-element elementor-element-96850c3 e-con-full e-flex e-con e-child\" data-font-skin=\"\" data-id=\"96850c3\" data-element_type=\"container\">\n\t\t\t\t<div class=\" elementor-element elementor-element-25b8a57 elementor-widget elementor-widget-image\" data-id=\"25b8a57\" data-element_type=\"widget\" data-settings=\"{&quot;_animation&quot;:&quot;none&quot;}\" data-widget_type=\"image.default\">\n\t\t\t\t<div class=\"elementor-widget-container\">\n\t\t\t\t\t\t\t\t\t\t\t\t\t\t<a href=\"https:\/\/phorart.com\/wp-content\/uploads\/2024\/04\/Phorart-Mateo-Mate-Canon-32.jpg\" data-elementor-open-lightbox=\"no\" data-lbwps-width=\"1500\" data-lbwps-height=\"2251\" data-lbwps-srcsmall=\"https:\/\/phorart.com\/wp-content\/uploads\/2024\/04\/Phorart-Mateo-Mate-Canon-32-200x300.jpg\">\n\t\t\t\t\t\t\t<img loading=\"lazy\" decoding=\"async\" width=\"1500\" height=\"2251\" src=\"https:\/\/phorart.com\/wp-content\/uploads\/2024\/04\/Phorart-Mateo-Mate-Canon-32.jpg\" class=\"attachment-phorart-2560 size-phorart-2560 wp-image-7181\" alt=\"\" title=\"Phorart-Mateo-Mate-Canon-32\" srcset=\"https:\/\/phorart.com\/wp-content\/uploads\/2024\/04\/Phorart-Mateo-Mate-Canon-32.jpg 1500w, https:\/\/phorart.com\/wp-content\/uploads\/2024\/04\/Phorart-Mateo-Mate-Canon-32-200x300.jpg 200w, https:\/\/phorart.com\/wp-content\/uploads\/2024\/04\/Phorart-Mateo-Mate-Canon-32-682x1024.jpg 682w, https:\/\/phorart.com\/wp-content\/uploads\/2024\/04\/Phorart-Mateo-Mate-Canon-32-768x1153.jpg 768w, https:\/\/phorart.com\/wp-content\/uploads\/2024\/04\/Phorart-Mateo-Mate-Canon-32-1024x1536.jpg 1024w, https:\/\/phorart.com\/wp-content\/uploads\/2024\/04\/Phorart-Mateo-Mate-Canon-32-1365x2048.jpg 1365w, https:\/\/phorart.com\/wp-content\/uploads\/2024\/04\/Phorart-Mateo-Mate-Canon-32-380x570.jpg 380w, https:\/\/phorart.com\/wp-content\/uploads\/2024\/04\/Phorart-Mateo-Mate-Canon-32-333x500.jpg 333w, https:\/\/phorart.com\/wp-content\/uploads\/2024\/04\/Phorart-Mateo-Mate-Canon-32-550x825.jpg 550w, https:\/\/phorart.com\/wp-content\/uploads\/2024\/04\/Phorart-Mateo-Mate-Canon-32-500x750.jpg 500w, https:\/\/phorart.com\/wp-content\/uploads\/2024\/04\/Phorart-Mateo-Mate-Canon-32-267x400.jpg 267w, https:\/\/phorart.com\/wp-content\/uploads\/2024\/04\/Phorart-Mateo-Mate-Canon-32-1200x1801.jpg 1200w\" sizes=\"(max-width: 1500px) 100vw, 1500px\" \/>\t\t\t\t\t\t\t\t<\/a>\n\t\t\t\t\t\t\t\t\t\t\t\t\t<\/div>\n\t\t\t\t<\/div>\n\t\t\t\t<div class=\" elementor-element elementor-element-a729e9a elementor-widget elementor-widget-text-editor\" data-id=\"a729e9a\" data-element_type=\"widget\" data-widget_type=\"text-editor.default\">\n\t\t\t\t<div class=\"elementor-widget-container\">\n\t\t\t\t\t\t\t<p>Obra de Mateo Mat\u00e9 para su Exposici\u00f3n \u00abCanon\u00bb en la Sala Alcal\u00e1 31 de la Comunidad de Madrid.<\/p>\t\t\t\t\t\t<\/div>\n\t\t\t\t<\/div>\n\t\t\t\t<\/div>\n\t\t\t\t\t<\/div>\n\t\t\t\t<\/div>\n\t\t\t\t\t<\/div>\n\t\t\t\t<\/div>\n\t\t<div class=\"wolf-core-elementor-row wolf-core-font- elementor-element elementor-element-44cd130 e-flex e-con-boxed e-con e-parent\" data-font-skin=\"\" data-id=\"44cd130\" data-element_type=\"container\">\n\t\t\t\t\t<div class=\"e-con-inner\">\n\t\t\t\t<div class=\"elementor-element elementor-element-11163f3 elementor-widget-divider--view-line elementor-widget elementor-widget-divider\" data-id=\"11163f3\" data-element_type=\"widget\" data-widget_type=\"divider.default\">\n\t\t\t\t<div class=\"elementor-widget-container\">\n\t\t\t\t\t<div class=\"elementor-divider\">\n\t\t\t<span class=\"elementor-divider-separator\">\n\t\t\t\t\t\t<\/span>\n\t\t<\/div>\n\t\t\t\t<\/div>\n\t\t\t\t<\/div>\n\t\t\t\t<div class=\" elementor-element elementor-element-3c76769 phorart-title elementor-widget elementor-widget-text-editor\" data-id=\"3c76769\" data-element_type=\"widget\" data-widget_type=\"text-editor.default\">\n\t\t\t\t<div class=\"elementor-widget-container\">\n\t\t\t\t\t\t\t<p>Estas decisiones deben guiarse por aquellas tomadas por el autor de la escultura, su selecci\u00f3n de materiales, t\u00e9cnicas empleadas y montaje de la pieza.<\/p>\t\t\t\t\t\t<\/div>\n\t\t\t\t<\/div>\n\t\t\t\t\t<\/div>\n\t\t\t\t<\/div>\n\t\t<div class=\"wolf-core-elementor-row wolf-core-font- elementor-element elementor-element-b604efe e-con-full e-flex e-con e-parent\" data-font-skin=\"\" data-id=\"b604efe\" data-element_type=\"container\">\n\t\t<div class=\"wolf-core-elementor-row wolf-core-font- elementor-element elementor-element-0e41149 e-flex e-con-boxed e-con e-child\" data-font-skin=\"\" data-id=\"0e41149\" data-element_type=\"container\">\n\t\t\t\t\t<div class=\"e-con-inner\">\n\t\t\t\t<div class=\" elementor-element elementor-element-84e6f42 elementor-widget elementor-widget-image\" data-id=\"84e6f42\" data-element_type=\"widget\" data-settings=\"{&quot;_animation&quot;:&quot;none&quot;}\" data-widget_type=\"image.default\">\n\t\t\t\t<div class=\"elementor-widget-container\">\n\t\t\t\t\t\t\t\t\t\t\t\t\t\t<a href=\"https:\/\/phorart.com\/wp-content\/uploads\/2024\/04\/Phorart-Cuidado-con-la-cabeza-B-Roig-5.jpg\" data-elementor-open-lightbox=\"no\" data-lbwps-width=\"2960\" data-lbwps-height=\"2869\" data-lbwps-srcsmall=\"https:\/\/phorart.com\/wp-content\/uploads\/2024\/04\/Phorart-Cuidado-con-la-cabeza-B-Roig-5-300x291.jpg\">\n\t\t\t\t\t\t\t<img loading=\"lazy\" decoding=\"async\" width=\"2560\" height=\"2481\" src=\"https:\/\/phorart.com\/wp-content\/uploads\/2024\/04\/Phorart-Cuidado-con-la-cabeza-B-Roig-5-2560x2481.jpg\" class=\"attachment-phorart-2560 size-phorart-2560 wp-image-7347\" alt=\"\" title=\"Phorart-Cuidado-con-la-cabeza-B-Roig-5\" srcset=\"https:\/\/phorart.com\/wp-content\/uploads\/2024\/04\/Phorart-Cuidado-con-la-cabeza-B-Roig-5-2560x2481.jpg 2560w, https:\/\/phorart.com\/wp-content\/uploads\/2024\/04\/Phorart-Cuidado-con-la-cabeza-B-Roig-5-300x291.jpg 300w, https:\/\/phorart.com\/wp-content\/uploads\/2024\/04\/Phorart-Cuidado-con-la-cabeza-B-Roig-5-1024x993.jpg 1024w, https:\/\/phorart.com\/wp-content\/uploads\/2024\/04\/Phorart-Cuidado-con-la-cabeza-B-Roig-5-768x744.jpg 768w, https:\/\/phorart.com\/wp-content\/uploads\/2024\/04\/Phorart-Cuidado-con-la-cabeza-B-Roig-5-1536x1489.jpg 1536w, https:\/\/phorart.com\/wp-content\/uploads\/2024\/04\/Phorart-Cuidado-con-la-cabeza-B-Roig-5-2048x1985.jpg 2048w, https:\/\/phorart.com\/wp-content\/uploads\/2024\/04\/Phorart-Cuidado-con-la-cabeza-B-Roig-5-588x570.jpg 588w, https:\/\/phorart.com\/wp-content\/uploads\/2024\/04\/Phorart-Cuidado-con-la-cabeza-B-Roig-5-500x485.jpg 500w, https:\/\/phorart.com\/wp-content\/uploads\/2024\/04\/Phorart-Cuidado-con-la-cabeza-B-Roig-5-550x533.jpg 550w, https:\/\/phorart.com\/wp-content\/uploads\/2024\/04\/Phorart-Cuidado-con-la-cabeza-B-Roig-5-400x388.jpg 400w, https:\/\/phorart.com\/wp-content\/uploads\/2024\/04\/Phorart-Cuidado-con-la-cabeza-B-Roig-5-1920x1861.jpg 1920w, https:\/\/phorart.com\/wp-content\/uploads\/2024\/04\/Phorart-Cuidado-con-la-cabeza-B-Roig-5-2000x1939.jpg 2000w, https:\/\/phorart.com\/wp-content\/uploads\/2024\/04\/Phorart-Cuidado-con-la-cabeza-B-Roig-5-1200x1163.jpg 1200w\" sizes=\"(max-width: 2560px) 100vw, 2560px\" \/>\t\t\t\t\t\t\t\t<\/a>\n\t\t\t\t\t\t\t\t\t\t\t\t\t<\/div>\n\t\t\t\t<\/div>\n\t\t\t\t\t<\/div>\n\t\t\t\t<\/div>\n\t\t<div class=\"wolf-core-elementor-row wolf-core-font- elementor-element elementor-element-19eecf6 e-flex e-con-boxed e-con e-child\" data-font-skin=\"\" data-id=\"19eecf6\" data-element_type=\"container\">\n\t\t\t\t\t<div class=\"e-con-inner\">\n\t\t\t\t<div class=\" elementor-element elementor-element-d2b65a6 elementor-widget elementor-widget-image\" data-id=\"d2b65a6\" data-element_type=\"widget\" data-settings=\"{&quot;_animation&quot;:&quot;none&quot;}\" data-widget_type=\"image.default\">\n\t\t\t\t<div class=\"elementor-widget-container\">\n\t\t\t\t\t\t\t\t\t\t\t\t\t\t<a href=\"https:\/\/phorart.com\/wp-content\/uploads\/2024\/04\/Phorart-Cuidado-con-la-cabeza-B-Roig-2.jpg\" data-elementor-open-lightbox=\"no\" data-lbwps-width=\"2960\" data-lbwps-height=\"2897\" data-lbwps-srcsmall=\"https:\/\/phorart.com\/wp-content\/uploads\/2024\/04\/Phorart-Cuidado-con-la-cabeza-B-Roig-2-300x294.jpg\">\n\t\t\t\t\t\t\t<img loading=\"lazy\" decoding=\"async\" width=\"2560\" height=\"2506\" src=\"https:\/\/phorart.com\/wp-content\/uploads\/2024\/04\/Phorart-Cuidado-con-la-cabeza-B-Roig-2-2560x2506.jpg\" class=\"attachment-phorart-2560 size-phorart-2560 wp-image-7346\" alt=\"\" title=\"Phorart-Cuidado-con-la-cabeza-B-Roig-2\" srcset=\"https:\/\/phorart.com\/wp-content\/uploads\/2024\/04\/Phorart-Cuidado-con-la-cabeza-B-Roig-2-2560x2506.jpg 2560w, https:\/\/phorart.com\/wp-content\/uploads\/2024\/04\/Phorart-Cuidado-con-la-cabeza-B-Roig-2-300x294.jpg 300w, https:\/\/phorart.com\/wp-content\/uploads\/2024\/04\/Phorart-Cuidado-con-la-cabeza-B-Roig-2-1024x1002.jpg 1024w, https:\/\/phorart.com\/wp-content\/uploads\/2024\/04\/Phorart-Cuidado-con-la-cabeza-B-Roig-2-768x752.jpg 768w, https:\/\/phorart.com\/wp-content\/uploads\/2024\/04\/Phorart-Cuidado-con-la-cabeza-B-Roig-2-1536x1503.jpg 1536w, https:\/\/phorart.com\/wp-content\/uploads\/2024\/04\/Phorart-Cuidado-con-la-cabeza-B-Roig-2-2048x2004.jpg 2048w, https:\/\/phorart.com\/wp-content\/uploads\/2024\/04\/Phorart-Cuidado-con-la-cabeza-B-Roig-2-582x570.jpg 582w, https:\/\/phorart.com\/wp-content\/uploads\/2024\/04\/Phorart-Cuidado-con-la-cabeza-B-Roig-2-500x489.jpg 500w, https:\/\/phorart.com\/wp-content\/uploads\/2024\/04\/Phorart-Cuidado-con-la-cabeza-B-Roig-2-550x538.jpg 550w, https:\/\/phorart.com\/wp-content\/uploads\/2024\/04\/Phorart-Cuidado-con-la-cabeza-B-Roig-2-400x391.jpg 400w, https:\/\/phorart.com\/wp-content\/uploads\/2024\/04\/Phorart-Cuidado-con-la-cabeza-B-Roig-2-1920x1879.jpg 1920w, https:\/\/phorart.com\/wp-content\/uploads\/2024\/04\/Phorart-Cuidado-con-la-cabeza-B-Roig-2-2000x1957.jpg 2000w, https:\/\/phorart.com\/wp-content\/uploads\/2024\/04\/Phorart-Cuidado-con-la-cabeza-B-Roig-2-1200x1174.jpg 1200w\" sizes=\"(max-width: 2560px) 100vw, 2560px\" \/>\t\t\t\t\t\t\t\t<\/a>\n\t\t\t\t\t\t\t\t\t\t\t\t\t<\/div>\n\t\t\t\t<\/div>\n\t\t\t\t\t<\/div>\n\t\t\t\t<\/div>\n\t\t\t\t<\/div>\n\t\t<div class=\"wolf-core-elementor-row wolf-core-font- elementor-element elementor-element-c45116c e-flex e-con-boxed e-con e-parent\" data-font-skin=\"\" data-id=\"c45116c\" data-element_type=\"container\">\n\t\t\t\t\t<div class=\"e-con-inner\">\n\t\t\t\t<div class=\" elementor-element elementor-element-d1f5108 elementor-widget elementor-widget-text-editor\" data-id=\"d1f5108\" data-element_type=\"widget\" data-widget_type=\"text-editor.default\">\n\t\t\t\t<div class=\"elementor-widget-container\">\n\t\t\t\t\t\t\t<p>\u00abPractices to Suck the Dark\u00bb Obra de Bernard\u00ed Roig en un pozo de ventilaci\u00f3n que conecta el t\u00fanel de la linea 2 del metro de Madrid con el exterior en la calle Alcal\u00e1. Para su exposici\u00f3n \u00abCuidado con la Cabeza\u00bb en la Sala Alcal\u00e1 31 de la Comunidad de Madrid<\/p>\t\t\t\t\t\t<\/div>\n\t\t\t\t<\/div>\n\t\t\t\t\t<\/div>\n\t\t\t\t<\/div>\n\t\t<div class=\"wolf-core-elementor-row wolf-core-font- elementor-element elementor-element-ee9c2ce e-flex e-con-boxed e-con e-parent\" data-font-skin=\"\" data-id=\"ee9c2ce\" data-element_type=\"container\">\n\t\t\t\t\t<div class=\"e-con-inner\">\n\t\t\t\t<div class=\" elementor-element elementor-element-75d7c13 phorart-title elementor-widget elementor-widget-text-editor\" data-id=\"75d7c13\" data-element_type=\"widget\" data-widget_type=\"text-editor.default\">\n\t\t\t\t<div class=\"elementor-widget-container\">\n\t\t\t\t\t\t\t<p>El fot\u00f3grafo debe entender lo que tiene delante y traducirlo al nuevo soporte.<\/p>\t\t\t\t\t\t<\/div>\n\t\t\t\t<\/div>\n\t\t\t\t\t<\/div>\n\t\t\t\t<\/div>\n\t\t<div class=\"wolf-core-elementor-row wolf-core-font-dark elementor-element elementor-element-e9cd355 e-con-full wolf-core-font-dark e-flex e-con e-parent\" data-font-skin=\"dark\" data-id=\"e9cd355\" data-element_type=\"container\">\n\t\t\t\t<div class=\"elementor-element elementor-element-c6400a0 elementor-widget-divider--view-line elementor-widget elementor-widget-divider\" data-id=\"c6400a0\" data-element_type=\"widget\" data-widget_type=\"divider.default\">\n\t\t\t\t<div class=\"elementor-widget-container\">\n\t\t\t\t\t<div class=\"elementor-divider\">\n\t\t\t<span class=\"elementor-divider-separator\">\n\t\t\t\t\t\t<\/span>\n\t\t<\/div>\n\t\t\t\t<\/div>\n\t\t\t\t<\/div>\n\t\t\t\t<div class=\" elementor-element elementor-element-aed2d49 phorart-title elementor-widget elementor-widget-text-editor\" data-id=\"aed2d49\" data-element_type=\"widget\" data-widget_type=\"text-editor.default\">\n\t\t\t\t<div class=\"elementor-widget-container\">\n\t\t\t\t\t\t\t<h3>Fotograf\u00eda de Instalaciones<\/h3>\t\t\t\t\t\t<\/div>\n\t\t\t\t<\/div>\n\t\t\t\t<div class=\" elementor-element elementor-element-c2385b2 elementor-widget elementor-widget-image\" data-id=\"c2385b2\" data-element_type=\"widget\" data-settings=\"{&quot;_animation&quot;:&quot;none&quot;}\" data-widget_type=\"image.default\">\n\t\t\t\t<div class=\"elementor-widget-container\">\n\t\t\t\t\t\t\t\t\t\t\t\t\t\t<a href=\"https:\/\/phorart.com\/wp-content\/uploads\/2024\/04\/Phorart-Instalacion-artistica-de-Markus-Linnenbrink.jpg\" data-elementor-open-lightbox=\"yes\" data-elementor-lightbox-title=\"Phorart-Instalacion-artistica-de-Markus-Linnenbrink\" data-e-action-hash=\"#elementor-action%3Aaction%3Dlightbox%26settings%3DeyJpZCI6NzM3MCwidXJsIjoiaHR0cHM6XC9cL3Bob3JhcnQuY29tXC93cC1jb250ZW50XC91cGxvYWRzXC8yMDI0XC8wNFwvUGhvcmFydC1JbnN0YWxhY2lvbi1hcnRpc3RpY2EtZGUtTWFya3VzLUxpbm5lbmJyaW5rLXNjYWxlZC5qcGcifQ%3D%3D\" data-lbwps-width=\"2960\" data-lbwps-height=\"1593\" data-lbwps-srcsmall=\"https:\/\/phorart.com\/wp-content\/uploads\/2024\/04\/Phorart-Instalacion-artistica-de-Markus-Linnenbrink-300x161.jpg\">\n\t\t\t\t\t\t\t<img loading=\"lazy\" decoding=\"async\" width=\"2560\" height=\"1378\" src=\"https:\/\/phorart.com\/wp-content\/uploads\/2024\/04\/Phorart-Instalacion-artistica-de-Markus-Linnenbrink-scaled.jpg\" class=\"attachment-full size-full wp-image-7370\" alt=\"\" title=\"Phorart-Instalacion-artistica-de-Markus-Linnenbrink\" srcset=\"https:\/\/phorart.com\/wp-content\/uploads\/2024\/04\/Phorart-Instalacion-artistica-de-Markus-Linnenbrink-scaled.jpg 2560w, https:\/\/phorart.com\/wp-content\/uploads\/2024\/04\/Phorart-Instalacion-artistica-de-Markus-Linnenbrink-300x161.jpg 300w, https:\/\/phorart.com\/wp-content\/uploads\/2024\/04\/Phorart-Instalacion-artistica-de-Markus-Linnenbrink-1024x551.jpg 1024w, https:\/\/phorart.com\/wp-content\/uploads\/2024\/04\/Phorart-Instalacion-artistica-de-Markus-Linnenbrink-768x413.jpg 768w, https:\/\/phorart.com\/wp-content\/uploads\/2024\/04\/Phorart-Instalacion-artistica-de-Markus-Linnenbrink-1536x827.jpg 1536w, https:\/\/phorart.com\/wp-content\/uploads\/2024\/04\/Phorart-Instalacion-artistica-de-Markus-Linnenbrink-2048x1102.jpg 2048w, https:\/\/phorart.com\/wp-content\/uploads\/2024\/04\/Phorart-Instalacion-artistica-de-Markus-Linnenbrink-1059x570.jpg 1059w, https:\/\/phorart.com\/wp-content\/uploads\/2024\/04\/Phorart-Instalacion-artistica-de-Markus-Linnenbrink-500x269.jpg 500w, https:\/\/phorart.com\/wp-content\/uploads\/2024\/04\/Phorart-Instalacion-artistica-de-Markus-Linnenbrink-550x296.jpg 550w, https:\/\/phorart.com\/wp-content\/uploads\/2024\/04\/Phorart-Instalacion-artistica-de-Markus-Linnenbrink-400x215.jpg 400w, https:\/\/phorart.com\/wp-content\/uploads\/2024\/04\/Phorart-Instalacion-artistica-de-Markus-Linnenbrink-1920x1033.jpg 1920w, https:\/\/phorart.com\/wp-content\/uploads\/2024\/04\/Phorart-Instalacion-artistica-de-Markus-Linnenbrink-2000x1076.jpg 2000w, https:\/\/phorart.com\/wp-content\/uploads\/2024\/04\/Phorart-Instalacion-artistica-de-Markus-Linnenbrink-1200x646.jpg 1200w\" sizes=\"(max-width: 2560px) 100vw, 2560px\" \/>\t\t\t\t\t\t\t\t<\/a>\n\t\t\t\t\t\t\t\t\t\t\t\t\t<\/div>\n\t\t\t\t<\/div>\n\t\t\t\t<div class=\" elementor-element elementor-element-ebfa76b elementor-widget elementor-widget-text-editor\" data-id=\"ebfa76b\" data-element_type=\"widget\" data-widget_type=\"text-editor.default\">\n\t\t\t\t<div class=\"elementor-widget-container\">\n\t\t\t\t\t\t\t<p>Obra de Markus Linnenbrink para la galer\u00eda Max Estrella<\/p>\t\t\t\t\t\t<\/div>\n\t\t\t\t<\/div>\n\t\t\t\t<\/div>\n\t\t<div class=\"wolf-core-elementor-row wolf-core-font- elementor-element elementor-element-c036f15 e-flex e-con-boxed e-con e-parent\" data-font-skin=\"\" data-id=\"c036f15\" data-element_type=\"container\">\n\t\t\t\t\t<div class=\"e-con-inner\">\n\t\t\t\t<div class=\" elementor-element elementor-element-104ebdc phorart-title elementor-widget elementor-widget-text-editor\" data-id=\"104ebdc\" data-element_type=\"widget\" data-widget_type=\"text-editor.default\">\n\t\t\t\t<div class=\"elementor-widget-container\">\n\t\t\t\t\t\t\t<p>En las instalaciones el espacio puede ser el soporte de la pieza (el lienzo del pintor), la materia prima de la obra o el contexto que resignifica la misma<\/p>\t\t\t\t\t\t<\/div>\n\t\t\t\t<\/div>\n\t\t\t\t\t<\/div>\n\t\t\t\t<\/div>\n\t\t<div class=\"wolf-core-elementor-row wolf-core-font-dark elementor-element elementor-element-ecc92b5 e-con-full wolf-core-font-dark e-flex e-con e-parent\" data-font-skin=\"dark\" data-id=\"ecc92b5\" data-element_type=\"container\">\n\t\t\t\t<div class=\" elementor-element elementor-element-d2437f4 elementor-widget elementor-widget-image\" data-id=\"d2437f4\" data-element_type=\"widget\" data-settings=\"{&quot;_animation&quot;:&quot;none&quot;}\" data-widget_type=\"image.default\">\n\t\t\t\t<div class=\"elementor-widget-container\">\n\t\t\t\t\t\t\t\t\t\t\t\t\t\t<a href=\"https:\/\/phorart.com\/wp-content\/uploads\/2024\/04\/Phorart-Fuego-Frio-en-Colnaghi.jpg\" data-elementor-open-lightbox=\"yes\" data-elementor-lightbox-title=\"Phorart-Fuego-Frio-en-Colnaghi\" data-e-action-hash=\"#elementor-action%3Aaction%3Dlightbox%26settings%3DeyJpZCI6NzM4NywidXJsIjoiaHR0cHM6XC9cL3Bob3JhcnQuY29tXC93cC1jb250ZW50XC91cGxvYWRzXC8yMDI0XC8wNFwvUGhvcmFydC1GdWVnby1GcmlvLWVuLUNvbG5hZ2hpLXNjYWxlZC5qcGcifQ%3D%3D\" data-lbwps-width=\"3960\" data-lbwps-height=\"1681\" data-lbwps-srcsmall=\"https:\/\/phorart.com\/wp-content\/uploads\/2024\/04\/Phorart-Fuego-Frio-en-Colnaghi-300x127.jpg\">\n\t\t\t\t\t\t\t<img loading=\"lazy\" decoding=\"async\" width=\"2560\" height=\"1087\" src=\"https:\/\/phorart.com\/wp-content\/uploads\/2024\/04\/Phorart-Fuego-Frio-en-Colnaghi-scaled.jpg\" class=\"attachment-full size-full wp-image-7387\" alt=\"\" title=\"Phorart-Fuego-Frio-en-Colnaghi\" srcset=\"https:\/\/phorart.com\/wp-content\/uploads\/2024\/04\/Phorart-Fuego-Frio-en-Colnaghi-scaled.jpg 2560w, https:\/\/phorart.com\/wp-content\/uploads\/2024\/04\/Phorart-Fuego-Frio-en-Colnaghi-300x127.jpg 300w, https:\/\/phorart.com\/wp-content\/uploads\/2024\/04\/Phorart-Fuego-Frio-en-Colnaghi-1024x435.jpg 1024w, https:\/\/phorart.com\/wp-content\/uploads\/2024\/04\/Phorart-Fuego-Frio-en-Colnaghi-768x326.jpg 768w, https:\/\/phorart.com\/wp-content\/uploads\/2024\/04\/Phorart-Fuego-Frio-en-Colnaghi-1536x652.jpg 1536w, https:\/\/phorart.com\/wp-content\/uploads\/2024\/04\/Phorart-Fuego-Frio-en-Colnaghi-2048x869.jpg 2048w, https:\/\/phorart.com\/wp-content\/uploads\/2024\/04\/Phorart-Fuego-Frio-en-Colnaghi-1140x484.jpg 1140w, https:\/\/phorart.com\/wp-content\/uploads\/2024\/04\/Phorart-Fuego-Frio-en-Colnaghi-500x212.jpg 500w, https:\/\/phorart.com\/wp-content\/uploads\/2024\/04\/Phorart-Fuego-Frio-en-Colnaghi-550x233.jpg 550w, https:\/\/phorart.com\/wp-content\/uploads\/2024\/04\/Phorart-Fuego-Frio-en-Colnaghi-400x170.jpg 400w, https:\/\/phorart.com\/wp-content\/uploads\/2024\/04\/Phorart-Fuego-Frio-en-Colnaghi-1920x815.jpg 1920w, https:\/\/phorart.com\/wp-content\/uploads\/2024\/04\/Phorart-Fuego-Frio-en-Colnaghi-2000x849.jpg 2000w, https:\/\/phorart.com\/wp-content\/uploads\/2024\/04\/Phorart-Fuego-Frio-en-Colnaghi-1200x509.jpg 1200w\" sizes=\"(max-width: 2560px) 100vw, 2560px\" \/>\t\t\t\t\t\t\t\t<\/a>\n\t\t\t\t\t\t\t\t\t\t\t\t\t<\/div>\n\t\t\t\t<\/div>\n\t\t\t\t<div class=\" elementor-element elementor-element-62e0237 elementor-widget elementor-widget-text-editor\" data-id=\"62e0237\" data-element_type=\"widget\" data-widget_type=\"text-editor.default\">\n\t\t\t\t<div class=\"elementor-widget-container\">\n\t\t\t\t\t\t\t<p>\u00abFuego Fr\u00edo\u00bb, Videoinstalaci\u00f3n de Eugenio Ampudia en la biblioteca de la Galer\u00eda Colnaghi, Londres<\/p>\t\t\t\t\t\t<\/div>\n\t\t\t\t<\/div>\n\t\t\t\t<\/div>\n\t\t<div class=\"wolf-core-elementor-row wolf-core-font-dark elementor-element elementor-element-e2a4602 e-con-full wolf-core-font-dark e-flex e-con e-parent\" data-font-skin=\"dark\" data-id=\"e2a4602\" data-element_type=\"container\">\n\t\t\t\t<div class=\" elementor-element elementor-element-4812019 elementor-widget elementor-widget-image\" data-id=\"4812019\" data-element_type=\"widget\" data-settings=\"{&quot;_animation&quot;:&quot;none&quot;}\" data-widget_type=\"image.default\">\n\t\t\t\t<div class=\"elementor-widget-container\">\n\t\t\t\t\t\t\t\t\t\t\t\t\t\t<a href=\"https:\/\/phorart.com\/wp-content\/uploads\/2024\/04\/fotografia-instalaciones-artisticas-meninas-phorart-1.jpg\" data-elementor-open-lightbox=\"yes\" data-elementor-lightbox-title=\"Fotografia instalaciones artisticas Historias Naturales\" data-elementor-lightbox-description=\"Fotografia instalaciones artisticas Historias Naturales de M-Angel Blanco\" data-e-action-hash=\"#elementor-action%3Aaction%3Dlightbox%26settings%3DeyJpZCI6Nzg5NiwidXJsIjoiaHR0cHM6XC9cL3Bob3JhcnQuY29tXC93cC1jb250ZW50XC91cGxvYWRzXC8yMDI0XC8wNFwvZm90b2dyYWZpYS1pbnN0YWxhY2lvbmVzLWFydGlzdGljYXMtbWVuaW5hcy1waG9yYXJ0LTEtc2NhbGVkLmpwZyJ9\" data-lbwps-width=\"3960\" data-lbwps-height=\"2230\" data-lbwps-srcsmall=\"https:\/\/phorart.com\/wp-content\/uploads\/2024\/04\/fotografia-instalaciones-artisticas-meninas-phorart-1-300x169.jpg\">\n\t\t\t\t\t\t\t<img loading=\"lazy\" decoding=\"async\" width=\"2560\" height=\"1442\" src=\"https:\/\/phorart.com\/wp-content\/uploads\/2024\/04\/fotografia-instalaciones-artisticas-meninas-phorart-1-scaled.jpg\" class=\"attachment-full size-full wp-image-7896\" alt=\"Fotografia instalaciones artisticas Historias Naturales\" title=\"Fotografia instalaciones artisticas Historias Naturales\" srcset=\"https:\/\/phorart.com\/wp-content\/uploads\/2024\/04\/fotografia-instalaciones-artisticas-meninas-phorart-1-scaled.jpg 2560w, https:\/\/phorart.com\/wp-content\/uploads\/2024\/04\/fotografia-instalaciones-artisticas-meninas-phorart-1-300x169.jpg 300w, https:\/\/phorart.com\/wp-content\/uploads\/2024\/04\/fotografia-instalaciones-artisticas-meninas-phorart-1-1024x577.jpg 1024w, https:\/\/phorart.com\/wp-content\/uploads\/2024\/04\/fotografia-instalaciones-artisticas-meninas-phorart-1-768x432.jpg 768w, https:\/\/phorart.com\/wp-content\/uploads\/2024\/04\/fotografia-instalaciones-artisticas-meninas-phorart-1-1536x865.jpg 1536w, https:\/\/phorart.com\/wp-content\/uploads\/2024\/04\/fotografia-instalaciones-artisticas-meninas-phorart-1-2048x1153.jpg 2048w, https:\/\/phorart.com\/wp-content\/uploads\/2024\/04\/fotografia-instalaciones-artisticas-meninas-phorart-1-1012x570.jpg 1012w, https:\/\/phorart.com\/wp-content\/uploads\/2024\/04\/fotografia-instalaciones-artisticas-meninas-phorart-1-500x282.jpg 500w, https:\/\/phorart.com\/wp-content\/uploads\/2024\/04\/fotografia-instalaciones-artisticas-meninas-phorart-1-550x310.jpg 550w, https:\/\/phorart.com\/wp-content\/uploads\/2024\/04\/fotografia-instalaciones-artisticas-meninas-phorart-1-400x225.jpg 400w, https:\/\/phorart.com\/wp-content\/uploads\/2024\/04\/fotografia-instalaciones-artisticas-meninas-phorart-1-1920x1081.jpg 1920w, https:\/\/phorart.com\/wp-content\/uploads\/2024\/04\/fotografia-instalaciones-artisticas-meninas-phorart-1-2000x1126.jpg 2000w\" sizes=\"(max-width: 2560px) 100vw, 2560px\" \/>\t\t\t\t\t\t\t\t<\/a>\n\t\t\t\t\t\t\t\t\t\t\t\t\t<\/div>\n\t\t\t\t<\/div>\n\t\t\t\t<div class=\" elementor-element elementor-element-d56bf9f elementor-widget elementor-widget-text-editor\" data-id=\"d56bf9f\" data-element_type=\"widget\" data-widget_type=\"text-editor.default\">\n\t\t\t\t<div class=\"elementor-widget-container\">\n\t\t\t\t\t\t\t<p>\u201cHistorias Naturales\u201d un proyecto de Miguel \u00c1ngel Blanco para el Museo del Prado<\/p>\t\t\t\t\t\t<\/div>\n\t\t\t\t<\/div>\n\t\t\t\t<\/div>\n\t\t<div class=\"wolf-core-elementor-row wolf-core-font- elementor-element elementor-element-f7cb021 e-flex e-con-boxed e-con e-parent\" data-font-skin=\"\" data-id=\"f7cb021\" data-element_type=\"container\">\n\t\t\t\t\t<div class=\"e-con-inner\">\n\t\t\t\t<div class=\" elementor-element elementor-element-431cf6e phorart-title elementor-widget elementor-widget-text-editor\" data-id=\"431cf6e\" data-element_type=\"widget\" data-widget_type=\"text-editor.default\">\n\t\t\t\t<div class=\"elementor-widget-container\">\n\t\t\t\t\t\t\t<p>Los trabajos realizados por PhorArt en el terreno de la arquitectura aportan conocimiento y criterio a la hora de fotografiar instalaciones y sus relaciones con el espacio expositivo<\/p>\t\t\t\t\t\t<\/div>\n\t\t\t\t<\/div>\n\t\t\t\t\t<\/div>\n\t\t\t\t<\/div>\n\t\t<div class=\"wolf-core-elementor-row wolf-core-font-dark elementor-element elementor-element-a910f8e e-con-full wolf-core-font-dark e-flex e-con e-parent\" data-font-skin=\"dark\" data-id=\"a910f8e\" data-element_type=\"container\">\n\t\t\t\t<div class=\" elementor-element elementor-element-3443d84 elementor-widget elementor-widget-image\" data-id=\"3443d84\" data-element_type=\"widget\" data-settings=\"{&quot;_animation&quot;:&quot;none&quot;}\" data-widget_type=\"image.default\">\n\t\t\t\t<div class=\"elementor-widget-container\">\n\t\t\t\t\t\t\t\t\t\t\t\t\t\t<a href=\"https:\/\/phorart.com\/wp-content\/uploads\/2024\/04\/Phorart-Sandra-Cinto.jpg\" data-elementor-open-lightbox=\"yes\" data-elementor-lightbox-title=\"Phorart-Sandra-Cinto\" data-e-action-hash=\"#elementor-action%3Aaction%3Dlightbox%26settings%3DeyJpZCI6NzM5MiwidXJsIjoiaHR0cHM6XC9cL3Bob3JhcnQuY29tXC93cC1jb250ZW50XC91cGxvYWRzXC8yMDI0XC8wNFwvUGhvcmFydC1TYW5kcmEtQ2ludG8tc2NhbGVkLmpwZyJ9\" data-lbwps-width=\"3960\" data-lbwps-height=\"2767\" data-lbwps-srcsmall=\"https:\/\/phorart.com\/wp-content\/uploads\/2024\/04\/Phorart-Sandra-Cinto-300x210.jpg\">\n\t\t\t\t\t\t\t<img loading=\"lazy\" decoding=\"async\" width=\"2560\" height=\"1789\" src=\"https:\/\/phorart.com\/wp-content\/uploads\/2024\/04\/Phorart-Sandra-Cinto-scaled.jpg\" class=\"attachment-full size-full wp-image-7392\" alt=\"\" title=\"Phorart-Sandra-Cinto\" srcset=\"https:\/\/phorart.com\/wp-content\/uploads\/2024\/04\/Phorart-Sandra-Cinto-scaled.jpg 2560w, https:\/\/phorart.com\/wp-content\/uploads\/2024\/04\/Phorart-Sandra-Cinto-300x210.jpg 300w, https:\/\/phorart.com\/wp-content\/uploads\/2024\/04\/Phorart-Sandra-Cinto-1024x716.jpg 1024w, https:\/\/phorart.com\/wp-content\/uploads\/2024\/04\/Phorart-Sandra-Cinto-768x537.jpg 768w, https:\/\/phorart.com\/wp-content\/uploads\/2024\/04\/Phorart-Sandra-Cinto-1536x1073.jpg 1536w, https:\/\/phorart.com\/wp-content\/uploads\/2024\/04\/Phorart-Sandra-Cinto-2048x1431.jpg 2048w, https:\/\/phorart.com\/wp-content\/uploads\/2024\/04\/Phorart-Sandra-Cinto-816x570.jpg 816w, https:\/\/phorart.com\/wp-content\/uploads\/2024\/04\/Phorart-Sandra-Cinto-500x349.jpg 500w, https:\/\/phorart.com\/wp-content\/uploads\/2024\/04\/Phorart-Sandra-Cinto-550x384.jpg 550w, https:\/\/phorart.com\/wp-content\/uploads\/2024\/04\/Phorart-Sandra-Cinto-400x279.jpg 400w, https:\/\/phorart.com\/wp-content\/uploads\/2024\/04\/Phorart-Sandra-Cinto-1920x1342.jpg 1920w, https:\/\/phorart.com\/wp-content\/uploads\/2024\/04\/Phorart-Sandra-Cinto-2000x1397.jpg 2000w, https:\/\/phorart.com\/wp-content\/uploads\/2024\/04\/Phorart-Sandra-Cinto-1200x838.jpg 1200w\" sizes=\"(max-width: 2560px) 100vw, 2560px\" \/>\t\t\t\t\t\t\t\t<\/a>\n\t\t\t\t\t\t\t\t\t\t\t\t\t<\/div>\n\t\t\t\t<\/div>\n\t\t\t\t<div class=\" elementor-element elementor-element-0258d98 elementor-widget elementor-widget-text-editor\" data-id=\"0258d98\" data-element_type=\"widget\" data-widget_type=\"text-editor.default\">\n\t\t\t\t<div class=\"elementor-widget-container\">\n\t\t\t\t\t\t\t<p>\u00abEn Silencio\u00bb. Obra de Sandra Cinto en Matadero, Madrid<\/p>\t\t\t\t\t\t<\/div>\n\t\t\t\t<\/div>\n\t\t\t\t<\/div>\n\t\t<div class=\"wolf-core-elementor-row wolf-core-font-dark elementor-element elementor-element-2350383 e-con-full wolf-core-font-dark e-flex e-con e-parent\" data-font-skin=\"dark\" data-id=\"2350383\" data-element_type=\"container\">\n\t\t\t\t<div class=\" elementor-element elementor-element-b2bf29c elementor-widget elementor-widget-image\" data-id=\"b2bf29c\" data-element_type=\"widget\" data-settings=\"{&quot;_animation&quot;:&quot;none&quot;}\" data-widget_type=\"image.default\">\n\t\t\t\t<div class=\"elementor-widget-container\">\n\t\t\t\t\t\t\t\t\t\t\t\t\t\t<a href=\"https:\/\/phorart.com\/wp-content\/uploads\/2024\/04\/Phorart-Nuria-Fuster.jpg\" data-elementor-open-lightbox=\"yes\" data-elementor-lightbox-title=\"Phorart-Nuria-Fuster\" data-e-action-hash=\"#elementor-action%3Aaction%3Dlightbox%26settings%3DeyJpZCI6NzM5NywidXJsIjoiaHR0cHM6XC9cL3Bob3JhcnQuY29tXC93cC1jb250ZW50XC91cGxvYWRzXC8yMDI0XC8wNFwvUGhvcmFydC1OdXJpYS1GdXN0ZXItc2NhbGVkLmpwZyJ9\" data-lbwps-width=\"2960\" data-lbwps-height=\"1973\" data-lbwps-srcsmall=\"https:\/\/phorart.com\/wp-content\/uploads\/2024\/04\/Phorart-Nuria-Fuster-300x200.jpg\">\n\t\t\t\t\t\t\t<img loading=\"lazy\" decoding=\"async\" width=\"2560\" height=\"1706\" src=\"https:\/\/phorart.com\/wp-content\/uploads\/2024\/04\/Phorart-Nuria-Fuster-scaled.jpg\" class=\"attachment-full size-full wp-image-7397\" alt=\"\" title=\"Phorart-Nuria-Fuster\" srcset=\"https:\/\/phorart.com\/wp-content\/uploads\/2024\/04\/Phorart-Nuria-Fuster-scaled.jpg 2560w, https:\/\/phorart.com\/wp-content\/uploads\/2024\/04\/Phorart-Nuria-Fuster-300x200.jpg 300w, https:\/\/phorart.com\/wp-content\/uploads\/2024\/04\/Phorart-Nuria-Fuster-1024x683.jpg 1024w, https:\/\/phorart.com\/wp-content\/uploads\/2024\/04\/Phorart-Nuria-Fuster-768x512.jpg 768w, https:\/\/phorart.com\/wp-content\/uploads\/2024\/04\/Phorart-Nuria-Fuster-1536x1024.jpg 1536w, https:\/\/phorart.com\/wp-content\/uploads\/2024\/04\/Phorart-Nuria-Fuster-2048x1365.jpg 2048w, https:\/\/phorart.com\/wp-content\/uploads\/2024\/04\/Phorart-Nuria-Fuster-855x570.jpg 855w, https:\/\/phorart.com\/wp-content\/uploads\/2024\/04\/Phorart-Nuria-Fuster-500x333.jpg 500w, https:\/\/phorart.com\/wp-content\/uploads\/2024\/04\/Phorart-Nuria-Fuster-550x367.jpg 550w, https:\/\/phorart.com\/wp-content\/uploads\/2024\/04\/Phorart-Nuria-Fuster-400x267.jpg 400w, https:\/\/phorart.com\/wp-content\/uploads\/2024\/04\/Phorart-Nuria-Fuster-1920x1280.jpg 1920w, https:\/\/phorart.com\/wp-content\/uploads\/2024\/04\/Phorart-Nuria-Fuster-2000x1333.jpg 2000w, https:\/\/phorart.com\/wp-content\/uploads\/2024\/04\/Phorart-Nuria-Fuster-1200x800.jpg 1200w\" sizes=\"(max-width: 2560px) 100vw, 2560px\" \/>\t\t\t\t\t\t\t\t<\/a>\n\t\t\t\t\t\t\t\t\t\t\t\t\t<\/div>\n\t\t\t\t<\/div>\n\t\t\t\t<div class=\" elementor-element elementor-element-fbdd094 elementor-widget elementor-widget-text-editor\" data-id=\"fbdd094\" data-element_type=\"widget\" data-widget_type=\"text-editor.default\">\n\t\t\t\t<div class=\"elementor-widget-container\">\n\t\t\t\t\t\t\t<p>\u00abUna, Otra y Otra Vez a la Vez\u00bb Obra de Nuria Fuster en Tabacalera Espacio Promoci\u00f3n del Arte Madrid<\/p>\t\t\t\t\t\t<\/div>\n\t\t\t\t<\/div>\n\t\t\t\t<\/div>\n\t\t<div class=\"wolf-core-elementor-row wolf-core-font-dark elementor-element elementor-element-4b054d5 e-con-full wolf-core-font-dark e-flex e-con e-parent\" data-font-skin=\"dark\" data-id=\"4b054d5\" data-element_type=\"container\">\n\t\t\t\t<div class=\"elementor-element elementor-element-7025ac6 elementor-widget-divider--view-line elementor-widget elementor-widget-divider\" data-id=\"7025ac6\" data-element_type=\"widget\" data-widget_type=\"divider.default\">\n\t\t\t\t<div class=\"elementor-widget-container\">\n\t\t\t\t\t<div class=\"elementor-divider\">\n\t\t\t<span class=\"elementor-divider-separator\">\n\t\t\t\t\t\t<\/span>\n\t\t<\/div>\n\t\t\t\t<\/div>\n\t\t\t\t<\/div>\n\t\t\t\t<div class=\" elementor-element elementor-element-dc4491c phorart-title elementor-widget elementor-widget-text-editor\" data-id=\"dc4491c\" data-element_type=\"widget\" data-widget_type=\"text-editor.default\">\n\t\t\t\t<div class=\"elementor-widget-container\">\n\t\t\t\t\t\t\t<h3>Fotograf\u00eda de Arte P\u00fablico<\/h3>\t\t\t\t\t\t<\/div>\n\t\t\t\t<\/div>\n\t\t\t\t<div class=\" elementor-element elementor-element-f95cde2 elementor-widget elementor-widget-image\" data-id=\"f95cde2\" data-element_type=\"widget\" data-settings=\"{&quot;_animation&quot;:&quot;none&quot;}\" data-widget_type=\"image.default\">\n\t\t\t\t<div class=\"elementor-widget-container\">\n\t\t\t\t\t\t\t\t\t\t\t\t\t\t<a href=\"https:\/\/phorart.com\/wp-content\/uploads\/2024\/04\/Phorart-Blanca-Munoz-Arte-Publico-1.jpg\" data-elementor-open-lightbox=\"no\" data-lbwps-width=\"2960\" data-lbwps-height=\"1977\" data-lbwps-srcsmall=\"https:\/\/phorart.com\/wp-content\/uploads\/2024\/04\/Phorart-Blanca-Munoz-Arte-Publico-1-300x200.jpg\">\n\t\t\t\t\t\t\t<img loading=\"lazy\" decoding=\"async\" width=\"2560\" height=\"1710\" src=\"https:\/\/phorart.com\/wp-content\/uploads\/2024\/04\/Phorart-Blanca-Munoz-Arte-Publico-1-scaled.jpg\" class=\"attachment-full size-full wp-image-7401\" alt=\"\" title=\"Phorart-Blanca-Munoz-Arte-Publico-1\" srcset=\"https:\/\/phorart.com\/wp-content\/uploads\/2024\/04\/Phorart-Blanca-Munoz-Arte-Publico-1-scaled.jpg 2560w, https:\/\/phorart.com\/wp-content\/uploads\/2024\/04\/Phorart-Blanca-Munoz-Arte-Publico-1-300x200.jpg 300w, https:\/\/phorart.com\/wp-content\/uploads\/2024\/04\/Phorart-Blanca-Munoz-Arte-Publico-1-1024x684.jpg 1024w, https:\/\/phorart.com\/wp-content\/uploads\/2024\/04\/Phorart-Blanca-Munoz-Arte-Publico-1-768x513.jpg 768w, https:\/\/phorart.com\/wp-content\/uploads\/2024\/04\/Phorart-Blanca-Munoz-Arte-Publico-1-1536x1026.jpg 1536w, https:\/\/phorart.com\/wp-content\/uploads\/2024\/04\/Phorart-Blanca-Munoz-Arte-Publico-1-2048x1368.jpg 2048w, https:\/\/phorart.com\/wp-content\/uploads\/2024\/04\/Phorart-Blanca-Munoz-Arte-Publico-1-853x570.jpg 853w, https:\/\/phorart.com\/wp-content\/uploads\/2024\/04\/Phorart-Blanca-Munoz-Arte-Publico-1-500x334.jpg 500w, https:\/\/phorart.com\/wp-content\/uploads\/2024\/04\/Phorart-Blanca-Munoz-Arte-Publico-1-550x367.jpg 550w, https:\/\/phorart.com\/wp-content\/uploads\/2024\/04\/Phorart-Blanca-Munoz-Arte-Publico-1-400x267.jpg 400w, https:\/\/phorart.com\/wp-content\/uploads\/2024\/04\/Phorart-Blanca-Munoz-Arte-Publico-1-1920x1282.jpg 1920w, https:\/\/phorart.com\/wp-content\/uploads\/2024\/04\/Phorart-Blanca-Munoz-Arte-Publico-1-2000x1336.jpg 2000w, https:\/\/phorart.com\/wp-content\/uploads\/2024\/04\/Phorart-Blanca-Munoz-Arte-Publico-1-1200x801.jpg 1200w\" sizes=\"(max-width: 2560px) 100vw, 2560px\" \/>\t\t\t\t\t\t\t\t<\/a>\n\t\t\t\t\t\t\t\t\t\t\t\t\t<\/div>\n\t\t\t\t<\/div>\n\t\t\t\t<div class=\" elementor-element elementor-element-ff87e94 elementor-widget elementor-widget-text-editor\" data-id=\"ff87e94\" data-element_type=\"widget\" data-widget_type=\"text-editor.default\">\n\t\t\t\t<div class=\"elementor-widget-container\">\n\t\t\t\t\t\t\t<p>\u00abPerseidas II\u00bb Obra De Blanca Mu\u00f1oz en el parque de la Curva de Elorrieta, Bilbao<\/p>\t\t\t\t\t\t<\/div>\n\t\t\t\t<\/div>\n\t\t\t\t<\/div>\n\t\t<div class=\"wolf-core-elementor-row wolf-core-font- elementor-element elementor-element-6172881 e-con-full e-flex e-con e-parent\" data-font-skin=\"\" data-id=\"6172881\" data-element_type=\"container\">\n\t\t<div class=\"wolf-core-elementor-row wolf-core-font- elementor-element elementor-element-5d6fd63 e-flex e-con-boxed e-con e-child\" data-font-skin=\"\" data-id=\"5d6fd63\" data-element_type=\"container\">\n\t\t\t\t\t<div class=\"e-con-inner\">\n\t\t\t\t<div class=\" elementor-element elementor-element-2cb9959 elementor-widget elementor-widget-image\" data-id=\"2cb9959\" data-element_type=\"widget\" data-settings=\"{&quot;_animation&quot;:&quot;none&quot;}\" data-widget_type=\"image.default\">\n\t\t\t\t<div class=\"elementor-widget-container\">\n\t\t\t\t\t\t\t\t\t\t\t\t\t\t<a href=\"https:\/\/phorart.com\/wp-content\/uploads\/2024\/04\/Phorart-Blanca-Munoz-Arte-Publico-11.jpg\" data-elementor-open-lightbox=\"no\" data-lbwps-width=\"2960\" data-lbwps-height=\"1977\" data-lbwps-srcsmall=\"https:\/\/phorart.com\/wp-content\/uploads\/2024\/04\/Phorart-Blanca-Munoz-Arte-Publico-11-300x200.jpg\">\n\t\t\t\t\t\t\t<img loading=\"lazy\" decoding=\"async\" width=\"2560\" height=\"1710\" src=\"https:\/\/phorart.com\/wp-content\/uploads\/2024\/04\/Phorart-Blanca-Munoz-Arte-Publico-11-2560x1710.jpg\" class=\"attachment-phorart-2560 size-phorart-2560 wp-image-7405\" alt=\"\" title=\"Phorart-Blanca-Munoz-Arte-Publico-11\" srcset=\"https:\/\/phorart.com\/wp-content\/uploads\/2024\/04\/Phorart-Blanca-Munoz-Arte-Publico-11-2560x1710.jpg 2560w, https:\/\/phorart.com\/wp-content\/uploads\/2024\/04\/Phorart-Blanca-Munoz-Arte-Publico-11-300x200.jpg 300w, https:\/\/phorart.com\/wp-content\/uploads\/2024\/04\/Phorart-Blanca-Munoz-Arte-Publico-11-1024x684.jpg 1024w, https:\/\/phorart.com\/wp-content\/uploads\/2024\/04\/Phorart-Blanca-Munoz-Arte-Publico-11-768x513.jpg 768w, https:\/\/phorart.com\/wp-content\/uploads\/2024\/04\/Phorart-Blanca-Munoz-Arte-Publico-11-1536x1026.jpg 1536w, https:\/\/phorart.com\/wp-content\/uploads\/2024\/04\/Phorart-Blanca-Munoz-Arte-Publico-11-2048x1368.jpg 2048w, https:\/\/phorart.com\/wp-content\/uploads\/2024\/04\/Phorart-Blanca-Munoz-Arte-Publico-11-853x570.jpg 853w, https:\/\/phorart.com\/wp-content\/uploads\/2024\/04\/Phorart-Blanca-Munoz-Arte-Publico-11-500x334.jpg 500w, https:\/\/phorart.com\/wp-content\/uploads\/2024\/04\/Phorart-Blanca-Munoz-Arte-Publico-11-550x367.jpg 550w, https:\/\/phorart.com\/wp-content\/uploads\/2024\/04\/Phorart-Blanca-Munoz-Arte-Publico-11-400x267.jpg 400w, https:\/\/phorart.com\/wp-content\/uploads\/2024\/04\/Phorart-Blanca-Munoz-Arte-Publico-11-1920x1282.jpg 1920w, https:\/\/phorart.com\/wp-content\/uploads\/2024\/04\/Phorart-Blanca-Munoz-Arte-Publico-11-2000x1336.jpg 2000w, https:\/\/phorart.com\/wp-content\/uploads\/2024\/04\/Phorart-Blanca-Munoz-Arte-Publico-11-1200x801.jpg 1200w\" sizes=\"(max-width: 2560px) 100vw, 2560px\" \/>\t\t\t\t\t\t\t\t<\/a>\n\t\t\t\t\t\t\t\t\t\t\t\t\t<\/div>\n\t\t\t\t<\/div>\n\t\t\t\t\t<\/div>\n\t\t\t\t<\/div>\n\t\t<div class=\"wolf-core-elementor-row wolf-core-font- elementor-element elementor-element-761c8fc e-flex e-con-boxed e-con e-child\" data-font-skin=\"\" data-id=\"761c8fc\" data-element_type=\"container\">\n\t\t\t\t\t<div class=\"e-con-inner\">\n\t\t\t\t<div class=\" elementor-element elementor-element-0b1d58a elementor-widget elementor-widget-image\" data-id=\"0b1d58a\" data-element_type=\"widget\" data-settings=\"{&quot;_animation&quot;:&quot;none&quot;}\" data-widget_type=\"image.default\">\n\t\t\t\t<div class=\"elementor-widget-container\">\n\t\t\t\t\t\t\t\t\t\t\t\t\t\t<a href=\"https:\/\/phorart.com\/wp-content\/uploads\/2024\/04\/Phorart-Blanca-Munoz-Arte-Publico-12.jpg\" data-elementor-open-lightbox=\"no\" data-lbwps-width=\"2960\" data-lbwps-height=\"1974\" data-lbwps-srcsmall=\"https:\/\/phorart.com\/wp-content\/uploads\/2024\/04\/Phorart-Blanca-Munoz-Arte-Publico-12-300x200.jpg\">\n\t\t\t\t\t\t\t<img loading=\"lazy\" decoding=\"async\" width=\"2560\" height=\"1707\" src=\"https:\/\/phorart.com\/wp-content\/uploads\/2024\/04\/Phorart-Blanca-Munoz-Arte-Publico-12-2560x1707.jpg\" class=\"attachment-phorart-2560 size-phorart-2560 wp-image-7407\" alt=\"\" title=\"Phorart-Blanca-Munoz-Arte-Publico-12\" srcset=\"https:\/\/phorart.com\/wp-content\/uploads\/2024\/04\/Phorart-Blanca-Munoz-Arte-Publico-12-2560x1707.jpg 2560w, https:\/\/phorart.com\/wp-content\/uploads\/2024\/04\/Phorart-Blanca-Munoz-Arte-Publico-12-300x200.jpg 300w, https:\/\/phorart.com\/wp-content\/uploads\/2024\/04\/Phorart-Blanca-Munoz-Arte-Publico-12-1024x683.jpg 1024w, https:\/\/phorart.com\/wp-content\/uploads\/2024\/04\/Phorart-Blanca-Munoz-Arte-Publico-12-768x512.jpg 768w, https:\/\/phorart.com\/wp-content\/uploads\/2024\/04\/Phorart-Blanca-Munoz-Arte-Publico-12-1536x1024.jpg 1536w, https:\/\/phorart.com\/wp-content\/uploads\/2024\/04\/Phorart-Blanca-Munoz-Arte-Publico-12-2048x1366.jpg 2048w, https:\/\/phorart.com\/wp-content\/uploads\/2024\/04\/Phorart-Blanca-Munoz-Arte-Publico-12-855x570.jpg 855w, https:\/\/phorart.com\/wp-content\/uploads\/2024\/04\/Phorart-Blanca-Munoz-Arte-Publico-12-500x333.jpg 500w, https:\/\/phorart.com\/wp-content\/uploads\/2024\/04\/Phorart-Blanca-Munoz-Arte-Publico-12-550x367.jpg 550w, https:\/\/phorart.com\/wp-content\/uploads\/2024\/04\/Phorart-Blanca-Munoz-Arte-Publico-12-400x267.jpg 400w, https:\/\/phorart.com\/wp-content\/uploads\/2024\/04\/Phorart-Blanca-Munoz-Arte-Publico-12-1920x1280.jpg 1920w, https:\/\/phorart.com\/wp-content\/uploads\/2024\/04\/Phorart-Blanca-Munoz-Arte-Publico-12-2000x1334.jpg 2000w, https:\/\/phorart.com\/wp-content\/uploads\/2024\/04\/Phorart-Blanca-Munoz-Arte-Publico-12-1200x800.jpg 1200w\" sizes=\"(max-width: 2560px) 100vw, 2560px\" \/>\t\t\t\t\t\t\t\t<\/a>\n\t\t\t\t\t\t\t\t\t\t\t\t\t<\/div>\n\t\t\t\t<\/div>\n\t\t\t\t\t<\/div>\n\t\t\t\t<\/div>\n\t\t\t\t<\/div>\n\t\t<div class=\"wolf-core-elementor-row wolf-core-font- elementor-element elementor-element-fcb0a5a e-flex e-con-boxed e-con e-parent\" data-font-skin=\"\" data-id=\"fcb0a5a\" data-element_type=\"container\">\n\t\t\t\t\t<div class=\"e-con-inner\">\n\t\t\t\t<div class=\" elementor-element elementor-element-8b4f2da elementor-widget elementor-widget-text-editor\" data-id=\"8b4f2da\" data-element_type=\"widget\" data-widget_type=\"text-editor.default\">\n\t\t\t\t<div class=\"elementor-widget-container\">\n\t\t\t\t\t\t\t<p>\u00abEcl\u00edptica\u00bb Obra de Blanca Mu\u00f1oz en el Palacio de Congresos, Badajoz<\/p>\t\t\t\t\t\t<\/div>\n\t\t\t\t<\/div>\n\t\t\t\t\t<\/div>\n\t\t\t\t<\/div>\n\t\t<div class=\"wolf-core-elementor-row wolf-core-font- elementor-element elementor-element-f7713c1 e-con-full e-flex e-con e-parent\" data-font-skin=\"\" data-id=\"f7713c1\" data-element_type=\"container\">\n\t\t<div class=\"wolf-core-elementor-row wolf-core-font- elementor-element elementor-element-595bd0f e-con-full e-flex e-con e-child\" data-font-skin=\"\" data-id=\"595bd0f\" data-element_type=\"container\">\n\t\t\t\t<div class=\" elementor-element elementor-element-67bed8d elementor-widget__width-inherit elementor-widget elementor-widget-image\" data-id=\"67bed8d\" data-element_type=\"widget\" data-settings=\"{&quot;_animation&quot;:&quot;none&quot;}\" data-widget_type=\"image.default\">\n\t\t\t\t<div class=\"elementor-widget-container\">\n\t\t\t\t\t\t\t\t\t\t\t\t\t\t<a href=\"https:\/\/phorart.com\/wp-content\/uploads\/2024\/04\/Phorart-Blanca-Munoz-Arte-Publico-7.jpg\" data-elementor-open-lightbox=\"no\" data-lbwps-width=\"2960\" data-lbwps-height=\"3700\" data-lbwps-srcsmall=\"https:\/\/phorart.com\/wp-content\/uploads\/2024\/04\/Phorart-Blanca-Munoz-Arte-Publico-7-240x300.jpg\">\n\t\t\t\t\t\t\t<img loading=\"lazy\" decoding=\"async\" width=\"2560\" height=\"3200\" src=\"https:\/\/phorart.com\/wp-content\/uploads\/2024\/04\/Phorart-Blanca-Munoz-Arte-Publico-7-2560x3200.jpg\" class=\"attachment-phorart-2560 size-phorart-2560 wp-image-7403\" alt=\"\" title=\"Phorart-Blanca-Munoz-Arte-Publico-7\" srcset=\"https:\/\/phorart.com\/wp-content\/uploads\/2024\/04\/Phorart-Blanca-Munoz-Arte-Publico-7-2560x3200.jpg 2560w, https:\/\/phorart.com\/wp-content\/uploads\/2024\/04\/Phorart-Blanca-Munoz-Arte-Publico-7-240x300.jpg 240w, https:\/\/phorart.com\/wp-content\/uploads\/2024\/04\/Phorart-Blanca-Munoz-Arte-Publico-7-819x1024.jpg 819w, https:\/\/phorart.com\/wp-content\/uploads\/2024\/04\/Phorart-Blanca-Munoz-Arte-Publico-7-768x960.jpg 768w, https:\/\/phorart.com\/wp-content\/uploads\/2024\/04\/Phorart-Blanca-Munoz-Arte-Publico-7-1229x1536.jpg 1229w, https:\/\/phorart.com\/wp-content\/uploads\/2024\/04\/Phorart-Blanca-Munoz-Arte-Publico-7-1638x2048.jpg 1638w, https:\/\/phorart.com\/wp-content\/uploads\/2024\/04\/Phorart-Blanca-Munoz-Arte-Publico-7-456x570.jpg 456w, https:\/\/phorart.com\/wp-content\/uploads\/2024\/04\/Phorart-Blanca-Munoz-Arte-Publico-7-400x500.jpg 400w, https:\/\/phorart.com\/wp-content\/uploads\/2024\/04\/Phorart-Blanca-Munoz-Arte-Publico-7-550x688.jpg 550w, https:\/\/phorart.com\/wp-content\/uploads\/2024\/04\/Phorart-Blanca-Munoz-Arte-Publico-7-500x625.jpg 500w, https:\/\/phorart.com\/wp-content\/uploads\/2024\/04\/Phorart-Blanca-Munoz-Arte-Publico-7-320x400.jpg 320w, https:\/\/phorart.com\/wp-content\/uploads\/2024\/04\/Phorart-Blanca-Munoz-Arte-Publico-7-1920x2400.jpg 1920w, https:\/\/phorart.com\/wp-content\/uploads\/2024\/04\/Phorart-Blanca-Munoz-Arte-Publico-7-2000x2500.jpg 2000w, https:\/\/phorart.com\/wp-content\/uploads\/2024\/04\/Phorart-Blanca-Munoz-Arte-Publico-7-1200x1500.jpg 1200w, https:\/\/phorart.com\/wp-content\/uploads\/2024\/04\/Phorart-Blanca-Munoz-Arte-Publico-7-scaled.jpg 2048w\" sizes=\"(max-width: 2560px) 100vw, 2560px\" \/>\t\t\t\t\t\t\t\t<\/a>\n\t\t\t\t\t\t\t\t\t\t\t\t\t<\/div>\n\t\t\t\t<\/div>\n\t\t\t\t<\/div>\n\t\t<div class=\"wolf-core-elementor-row wolf-core-font- elementor-element elementor-element-941e705 e-con-full e-flex e-con e-child\" data-font-skin=\"\" data-id=\"941e705\" data-element_type=\"container\">\n\t\t\t\t<div class=\" elementor-element elementor-element-a33b2a5 elementor-widget elementor-widget-image\" data-id=\"a33b2a5\" data-element_type=\"widget\" data-settings=\"{&quot;_animation&quot;:&quot;none&quot;}\" data-widget_type=\"image.default\">\n\t\t\t\t<div class=\"elementor-widget-container\">\n\t\t\t\t\t\t\t\t\t\t\t\t\t\t<a href=\"https:\/\/phorart.com\/wp-content\/uploads\/2024\/04\/Phorart-Blanca-Munoz-Arte-Publico-6.jpg\" data-elementor-open-lightbox=\"no\" data-lbwps-width=\"2960\" data-lbwps-height=\"1977\" data-lbwps-srcsmall=\"https:\/\/phorart.com\/wp-content\/uploads\/2024\/04\/Phorart-Blanca-Munoz-Arte-Publico-6-300x200.jpg\">\n\t\t\t\t\t\t\t<img loading=\"lazy\" decoding=\"async\" width=\"2560\" height=\"1710\" src=\"https:\/\/phorart.com\/wp-content\/uploads\/2024\/04\/Phorart-Blanca-Munoz-Arte-Publico-6-2560x1710.jpg\" class=\"attachment-phorart-2560 size-phorart-2560 wp-image-7402\" alt=\"\" title=\"Phorart-Blanca-Munoz-Arte-Publico-6\" srcset=\"https:\/\/phorart.com\/wp-content\/uploads\/2024\/04\/Phorart-Blanca-Munoz-Arte-Publico-6-2560x1710.jpg 2560w, https:\/\/phorart.com\/wp-content\/uploads\/2024\/04\/Phorart-Blanca-Munoz-Arte-Publico-6-300x200.jpg 300w, https:\/\/phorart.com\/wp-content\/uploads\/2024\/04\/Phorart-Blanca-Munoz-Arte-Publico-6-1024x684.jpg 1024w, https:\/\/phorart.com\/wp-content\/uploads\/2024\/04\/Phorart-Blanca-Munoz-Arte-Publico-6-768x513.jpg 768w, https:\/\/phorart.com\/wp-content\/uploads\/2024\/04\/Phorart-Blanca-Munoz-Arte-Publico-6-1536x1026.jpg 1536w, https:\/\/phorart.com\/wp-content\/uploads\/2024\/04\/Phorart-Blanca-Munoz-Arte-Publico-6-2048x1368.jpg 2048w, https:\/\/phorart.com\/wp-content\/uploads\/2024\/04\/Phorart-Blanca-Munoz-Arte-Publico-6-853x570.jpg 853w, https:\/\/phorart.com\/wp-content\/uploads\/2024\/04\/Phorart-Blanca-Munoz-Arte-Publico-6-500x334.jpg 500w, https:\/\/phorart.com\/wp-content\/uploads\/2024\/04\/Phorart-Blanca-Munoz-Arte-Publico-6-550x367.jpg 550w, https:\/\/phorart.com\/wp-content\/uploads\/2024\/04\/Phorart-Blanca-Munoz-Arte-Publico-6-400x267.jpg 400w, https:\/\/phorart.com\/wp-content\/uploads\/2024\/04\/Phorart-Blanca-Munoz-Arte-Publico-6-1920x1282.jpg 1920w, https:\/\/phorart.com\/wp-content\/uploads\/2024\/04\/Phorart-Blanca-Munoz-Arte-Publico-6-2000x1336.jpg 2000w, https:\/\/phorart.com\/wp-content\/uploads\/2024\/04\/Phorart-Blanca-Munoz-Arte-Publico-6-1200x801.jpg 1200w\" sizes=\"(max-width: 2560px) 100vw, 2560px\" \/>\t\t\t\t\t\t\t\t<\/a>\n\t\t\t\t\t\t\t\t\t\t\t\t\t<\/div>\n\t\t\t\t<\/div>\n\t\t\t\t<\/div>\n\t\t<div class=\"wolf-core-elementor-row wolf-core-font- elementor-element elementor-element-6e643bd e-con-full e-flex e-con e-child\" data-font-skin=\"\" data-id=\"6e643bd\" data-element_type=\"container\">\n\t\t\t\t<div class=\" elementor-element elementor-element-36534f3 elementor-widget elementor-widget-image\" data-id=\"36534f3\" data-element_type=\"widget\" data-settings=\"{&quot;_animation&quot;:&quot;none&quot;}\" data-widget_type=\"image.default\">\n\t\t\t\t<div class=\"elementor-widget-container\">\n\t\t\t\t\t\t\t\t\t\t\t\t\t\t<a href=\"https:\/\/phorart.com\/wp-content\/uploads\/2024\/04\/Phorart-Blanca-Munoz-Arte-Publico-8.jpg\" data-elementor-open-lightbox=\"no\" data-lbwps-width=\"2960\" data-lbwps-height=\"3699\" data-lbwps-srcsmall=\"https:\/\/phorart.com\/wp-content\/uploads\/2024\/04\/Phorart-Blanca-Munoz-Arte-Publico-8-240x300.jpg\">\n\t\t\t\t\t\t\t<img loading=\"lazy\" decoding=\"async\" width=\"2560\" height=\"3199\" src=\"https:\/\/phorart.com\/wp-content\/uploads\/2024\/04\/Phorart-Blanca-Munoz-Arte-Publico-8-2560x3199.jpg\" class=\"attachment-phorart-2560 size-phorart-2560 wp-image-7404\" alt=\"\" title=\"Phorart-Blanca-Munoz-Arte-Publico-8\" srcset=\"https:\/\/phorart.com\/wp-content\/uploads\/2024\/04\/Phorart-Blanca-Munoz-Arte-Publico-8-2560x3199.jpg 2560w, https:\/\/phorart.com\/wp-content\/uploads\/2024\/04\/Phorart-Blanca-Munoz-Arte-Publico-8-240x300.jpg 240w, https:\/\/phorart.com\/wp-content\/uploads\/2024\/04\/Phorart-Blanca-Munoz-Arte-Publico-8-819x1024.jpg 819w, https:\/\/phorart.com\/wp-content\/uploads\/2024\/04\/Phorart-Blanca-Munoz-Arte-Publico-8-768x960.jpg 768w, https:\/\/phorart.com\/wp-content\/uploads\/2024\/04\/Phorart-Blanca-Munoz-Arte-Publico-8-1229x1536.jpg 1229w, https:\/\/phorart.com\/wp-content\/uploads\/2024\/04\/Phorart-Blanca-Munoz-Arte-Publico-8-1639x2048.jpg 1639w, https:\/\/phorart.com\/wp-content\/uploads\/2024\/04\/Phorart-Blanca-Munoz-Arte-Publico-8-456x570.jpg 456w, https:\/\/phorart.com\/wp-content\/uploads\/2024\/04\/Phorart-Blanca-Munoz-Arte-Publico-8-400x500.jpg 400w, https:\/\/phorart.com\/wp-content\/uploads\/2024\/04\/Phorart-Blanca-Munoz-Arte-Publico-8-550x687.jpg 550w, https:\/\/phorart.com\/wp-content\/uploads\/2024\/04\/Phorart-Blanca-Munoz-Arte-Publico-8-500x625.jpg 500w, https:\/\/phorart.com\/wp-content\/uploads\/2024\/04\/Phorart-Blanca-Munoz-Arte-Publico-8-320x400.jpg 320w, https:\/\/phorart.com\/wp-content\/uploads\/2024\/04\/Phorart-Blanca-Munoz-Arte-Publico-8-1920x2399.jpg 1920w, https:\/\/phorart.com\/wp-content\/uploads\/2024\/04\/Phorart-Blanca-Munoz-Arte-Publico-8-2000x2499.jpg 2000w, https:\/\/phorart.com\/wp-content\/uploads\/2024\/04\/Phorart-Blanca-Munoz-Arte-Publico-8-1200x1500.jpg 1200w\" sizes=\"(max-width: 2560px) 100vw, 2560px\" \/>\t\t\t\t\t\t\t\t<\/a>\n\t\t\t\t\t\t\t\t\t\t\t\t\t<\/div>\n\t\t\t\t<\/div>\n\t\t\t\t<\/div>\n\t\t\t\t<\/div>\n\t\t<div class=\"wolf-core-elementor-row wolf-core-font- elementor-element elementor-element-8ac5d20 e-flex e-con-boxed e-con e-parent\" data-font-skin=\"\" data-id=\"8ac5d20\" data-element_type=\"container\">\n\t\t\t\t\t<div class=\"e-con-inner\">\n\t\t\t\t<div class=\" elementor-element elementor-element-eaac2d0 elementor-widget elementor-widget-text-editor\" data-id=\"eaac2d0\" data-element_type=\"widget\" data-widget_type=\"text-editor.default\">\n\t\t\t\t<div class=\"elementor-widget-container\">\n\t\t\t\t\t\t\t<p>\u00abPanta Rei\u00bb Obra de Blanca Mu\u00f1oz en la Plaza del Siglo, M\u00e1laga<\/p>\t\t\t\t\t\t<\/div>\n\t\t\t\t<\/div>\n\t\t\t\t\t<\/div>\n\t\t\t\t<\/div>\n\t\t<div class=\"wolf-core-elementor-row wolf-core-font-dark elementor-element elementor-element-a9512c5 e-con-full wolf-core-font-dark e-flex e-con e-parent\" data-font-skin=\"dark\" data-id=\"a9512c5\" data-element_type=\"container\">\n\t\t\t\t<div class=\" elementor-element elementor-element-c93f9f1 elementor-widget elementor-widget-image\" data-id=\"c93f9f1\" data-element_type=\"widget\" data-settings=\"{&quot;_animation&quot;:&quot;none&quot;}\" data-widget_type=\"image.default\">\n\t\t\t\t<div class=\"elementor-widget-container\">\n\t\t\t\t\t\t\t\t\t\t\t\t\t\t<a href=\"https:\/\/phorart.com\/wp-content\/uploads\/2024\/04\/Phorart-Mural-de-Santiago-Ydanez.jpg\" data-elementor-open-lightbox=\"no\" data-lbwps-width=\"4960\" data-lbwps-height=\"3134\" data-lbwps-srcsmall=\"https:\/\/phorart.com\/wp-content\/uploads\/2024\/04\/Phorart-Mural-de-Santiago-Ydanez-300x190.jpg\">\n\t\t\t\t\t\t\t<img loading=\"lazy\" decoding=\"async\" width=\"2560\" height=\"1618\" src=\"https:\/\/phorart.com\/wp-content\/uploads\/2024\/04\/Phorart-Mural-de-Santiago-Ydanez-scaled.jpg\" class=\"attachment-full size-full wp-image-7424\" alt=\"\" title=\"Phorart-Mural-de-Santiago-Ydanez\" srcset=\"https:\/\/phorart.com\/wp-content\/uploads\/2024\/04\/Phorart-Mural-de-Santiago-Ydanez-scaled.jpg 2560w, https:\/\/phorart.com\/wp-content\/uploads\/2024\/04\/Phorart-Mural-de-Santiago-Ydanez-300x190.jpg 300w, https:\/\/phorart.com\/wp-content\/uploads\/2024\/04\/Phorart-Mural-de-Santiago-Ydanez-1024x647.jpg 1024w, https:\/\/phorart.com\/wp-content\/uploads\/2024\/04\/Phorart-Mural-de-Santiago-Ydanez-768x485.jpg 768w, https:\/\/phorart.com\/wp-content\/uploads\/2024\/04\/Phorart-Mural-de-Santiago-Ydanez-1536x971.jpg 1536w, https:\/\/phorart.com\/wp-content\/uploads\/2024\/04\/Phorart-Mural-de-Santiago-Ydanez-2048x1294.jpg 2048w, https:\/\/phorart.com\/wp-content\/uploads\/2024\/04\/Phorart-Mural-de-Santiago-Ydanez-902x570.jpg 902w, https:\/\/phorart.com\/wp-content\/uploads\/2024\/04\/Phorart-Mural-de-Santiago-Ydanez-500x316.jpg 500w, https:\/\/phorart.com\/wp-content\/uploads\/2024\/04\/Phorart-Mural-de-Santiago-Ydanez-550x348.jpg 550w, https:\/\/phorart.com\/wp-content\/uploads\/2024\/04\/Phorart-Mural-de-Santiago-Ydanez-400x253.jpg 400w, https:\/\/phorart.com\/wp-content\/uploads\/2024\/04\/Phorart-Mural-de-Santiago-Ydanez-1920x1213.jpg 1920w, https:\/\/phorart.com\/wp-content\/uploads\/2024\/04\/Phorart-Mural-de-Santiago-Ydanez-2000x1264.jpg 2000w, https:\/\/phorart.com\/wp-content\/uploads\/2024\/04\/Phorart-Mural-de-Santiago-Ydanez-1200x758.jpg 1200w\" sizes=\"(max-width: 2560px) 100vw, 2560px\" \/>\t\t\t\t\t\t\t\t<\/a>\n\t\t\t\t\t\t\t\t\t\t\t\t\t<\/div>\n\t\t\t\t<\/div>\n\t\t\t\t<div class=\" elementor-element elementor-element-6ff5ba0 elementor-widget elementor-widget-text-editor\" data-id=\"6ff5ba0\" data-element_type=\"widget\" data-widget_type=\"text-editor.default\">\n\t\t\t\t<div class=\"elementor-widget-container\">\n\t\t\t\t\t\t\t<p>Pintura Mural de Santiago Yda\u00f1ez en el madrile\u00f1o barrio de Carabanchel para Veta by Fer Franc\u00e9s<\/p>\t\t\t\t\t\t<\/div>\n\t\t\t\t<\/div>\n\t\t\t\t<\/div>\n\t\t<div class=\"wolf-core-elementor-row wolf-core-font- elementor-element elementor-element-0275400 e-flex e-con-boxed e-con e-parent\" data-font-skin=\"\" data-id=\"0275400\" data-element_type=\"container\">\n\t\t\t\t\t<div class=\"e-con-inner\">\n\t\t\t\t<div class=\"elementor-element elementor-element-4e9c419 elementor-widget-divider--view-line elementor-widget elementor-widget-divider\" data-id=\"4e9c419\" data-element_type=\"widget\" data-widget_type=\"divider.default\">\n\t\t\t\t<div class=\"elementor-widget-container\">\n\t\t\t\t\t<div class=\"elementor-divider\">\n\t\t\t<span class=\"elementor-divider-separator\">\n\t\t\t\t\t\t<\/span>\n\t\t<\/div>\n\t\t\t\t<\/div>\n\t\t\t\t<\/div>\n\t\t\t\t<div class=\" elementor-element elementor-element-1bb8778 phorart-title elementor-widget elementor-widget-text-editor\" data-id=\"1bb8778\" data-element_type=\"widget\" data-widget_type=\"text-editor.default\">\n\t\t\t\t<div class=\"elementor-widget-container\">\n\t\t\t\t\t\t\t<h3>Fotograf\u00eda de Land Art<\/h3>\t\t\t\t\t\t<\/div>\n\t\t\t\t<\/div>\n\t\t\t\t\t<\/div>\n\t\t\t\t<\/div>\n\t\t<div class=\"wolf-core-elementor-row wolf-core-font- elementor-element elementor-element-8c4b61a e-flex e-con-boxed e-con e-parent\" data-font-skin=\"\" data-id=\"8c4b61a\" data-element_type=\"container\">\n\t\t\t\t\t<div class=\"e-con-inner\">\n\t\t<div class=\"wolf-core-elementor-row wolf-core-font- elementor-element elementor-element-e4a2871 e-flex e-con-boxed e-con e-child\" data-font-skin=\"\" data-id=\"e4a2871\" data-element_type=\"container\">\n\t\t\t\t\t<div class=\"e-con-inner\">\n\t\t\t\t<div class=\" elementor-element elementor-element-4ccf703 elementor-widget elementor-widget-image\" data-id=\"4ccf703\" data-element_type=\"widget\" data-settings=\"{&quot;_animation&quot;:&quot;none&quot;}\" data-widget_type=\"image.default\">\n\t\t\t\t<div class=\"elementor-widget-container\">\n\t\t\t\t\t\t\t\t\t\t\t\t\t\t<a href=\"https:\/\/phorart.com\/wp-content\/uploads\/2024\/04\/Phorart-Libro-Cesar-Manrique-Jardin-de-Cactus.jpg\" data-elementor-open-lightbox=\"no\" data-lbwps-width=\"2960\" data-lbwps-height=\"2970\" data-lbwps-srcsmall=\"https:\/\/phorart.com\/wp-content\/uploads\/2024\/04\/Phorart-Libro-Cesar-Manrique-Jardin-de-Cactus.jpg\">\n\t\t\t\t\t\t\t<img loading=\"lazy\" decoding=\"async\" width=\"2560\" height=\"2569\" src=\"https:\/\/phorart.com\/wp-content\/uploads\/2024\/04\/Phorart-Libro-Cesar-Manrique-Jardin-de-Cactus-2560x2569.jpg\" class=\"attachment-phorart-2560 size-phorart-2560 wp-image-7441\" alt=\"\" title=\"Phorart-Libro-Cesar-Manrique-Jardin-de-Cactus\" srcset=\"https:\/\/phorart.com\/wp-content\/uploads\/2024\/04\/Phorart-Libro-Cesar-Manrique-Jardin-de-Cactus-2560x2569.jpg 2560w, https:\/\/phorart.com\/wp-content\/uploads\/2024\/04\/Phorart-Libro-Cesar-Manrique-Jardin-de-Cactus-300x300.jpg 300w, https:\/\/phorart.com\/wp-content\/uploads\/2024\/04\/Phorart-Libro-Cesar-Manrique-Jardin-de-Cactus-1021x1024.jpg 1021w, https:\/\/phorart.com\/wp-content\/uploads\/2024\/04\/Phorart-Libro-Cesar-Manrique-Jardin-de-Cactus-150x150.jpg 150w, https:\/\/phorart.com\/wp-content\/uploads\/2024\/04\/Phorart-Libro-Cesar-Manrique-Jardin-de-Cactus-768x771.jpg 768w, https:\/\/phorart.com\/wp-content\/uploads\/2024\/04\/Phorart-Libro-Cesar-Manrique-Jardin-de-Cactus-1531x1536.jpg 1531w, https:\/\/phorart.com\/wp-content\/uploads\/2024\/04\/Phorart-Libro-Cesar-Manrique-Jardin-de-Cactus-2041x2048.jpg 2041w, https:\/\/phorart.com\/wp-content\/uploads\/2024\/04\/Phorart-Libro-Cesar-Manrique-Jardin-de-Cactus-568x570.jpg 568w, https:\/\/phorart.com\/wp-content\/uploads\/2024\/04\/Phorart-Libro-Cesar-Manrique-Jardin-de-Cactus-498x500.jpg 498w, https:\/\/phorart.com\/wp-content\/uploads\/2024\/04\/Phorart-Libro-Cesar-Manrique-Jardin-de-Cactus-550x552.jpg 550w, https:\/\/phorart.com\/wp-content\/uploads\/2024\/04\/Phorart-Libro-Cesar-Manrique-Jardin-de-Cactus-500x502.jpg 500w, https:\/\/phorart.com\/wp-content\/uploads\/2024\/04\/Phorart-Libro-Cesar-Manrique-Jardin-de-Cactus-400x400.jpg 400w, https:\/\/phorart.com\/wp-content\/uploads\/2024\/04\/Phorart-Libro-Cesar-Manrique-Jardin-de-Cactus-1920x1926.jpg 1920w, https:\/\/phorart.com\/wp-content\/uploads\/2024\/04\/Phorart-Libro-Cesar-Manrique-Jardin-de-Cactus-2000x2007.jpg 2000w, https:\/\/phorart.com\/wp-content\/uploads\/2024\/04\/Phorart-Libro-Cesar-Manrique-Jardin-de-Cactus-1200x1204.jpg 1200w, https:\/\/phorart.com\/wp-content\/uploads\/2024\/04\/Phorart-Libro-Cesar-Manrique-Jardin-de-Cactus-290x290.jpg 290w\" sizes=\"(max-width: 2560px) 100vw, 2560px\" \/>\t\t\t\t\t\t\t\t<\/a>\n\t\t\t\t\t\t\t\t\t\t\t\t\t<\/div>\n\t\t\t\t<\/div>\n\t\t\t\t<div class=\" elementor-element elementor-element-0825d07 elementor-widget elementor-widget-image\" data-id=\"0825d07\" data-element_type=\"widget\" data-settings=\"{&quot;_animation&quot;:&quot;none&quot;}\" data-widget_type=\"image.default\">\n\t\t\t\t<div class=\"elementor-widget-container\">\n\t\t\t\t\t\t\t\t\t\t\t\t\t\t<a href=\"https:\/\/phorart.com\/wp-content\/uploads\/2024\/04\/Phorart-Libro-Cesar-Manrique-Jameos-del-Agua-sombra.jpg\" data-elementor-open-lightbox=\"no\" data-lbwps-width=\"2960\" data-lbwps-height=\"2952\" data-lbwps-srcsmall=\"https:\/\/phorart.com\/wp-content\/uploads\/2024\/04\/Phorart-Libro-Cesar-Manrique-Jameos-del-Agua-sombra-300x300.jpg\">\n\t\t\t\t\t\t\t<img loading=\"lazy\" decoding=\"async\" width=\"2560\" height=\"2553\" src=\"https:\/\/phorart.com\/wp-content\/uploads\/2024\/04\/Phorart-Libro-Cesar-Manrique-Jameos-del-Agua-sombra-2560x2553.jpg\" class=\"attachment-phorart-2560 size-phorart-2560 wp-image-7440\" alt=\"\" title=\"Phorart-Libro-Cesar-Manrique-Jameos-del-Agua-sombra\" srcset=\"https:\/\/phorart.com\/wp-content\/uploads\/2024\/04\/Phorart-Libro-Cesar-Manrique-Jameos-del-Agua-sombra-2560x2553.jpg 2560w, https:\/\/phorart.com\/wp-content\/uploads\/2024\/04\/Phorart-Libro-Cesar-Manrique-Jameos-del-Agua-sombra-300x300.jpg 300w, https:\/\/phorart.com\/wp-content\/uploads\/2024\/04\/Phorart-Libro-Cesar-Manrique-Jameos-del-Agua-sombra-1024x1021.jpg 1024w, https:\/\/phorart.com\/wp-content\/uploads\/2024\/04\/Phorart-Libro-Cesar-Manrique-Jameos-del-Agua-sombra-150x150.jpg 150w, https:\/\/phorart.com\/wp-content\/uploads\/2024\/04\/Phorart-Libro-Cesar-Manrique-Jameos-del-Agua-sombra-768x766.jpg 768w, https:\/\/phorart.com\/wp-content\/uploads\/2024\/04\/Phorart-Libro-Cesar-Manrique-Jameos-del-Agua-sombra-1536x1532.jpg 1536w, https:\/\/phorart.com\/wp-content\/uploads\/2024\/04\/Phorart-Libro-Cesar-Manrique-Jameos-del-Agua-sombra-2048x2042.jpg 2048w, https:\/\/phorart.com\/wp-content\/uploads\/2024\/04\/Phorart-Libro-Cesar-Manrique-Jameos-del-Agua-sombra-572x570.jpg 572w, https:\/\/phorart.com\/wp-content\/uploads\/2024\/04\/Phorart-Libro-Cesar-Manrique-Jameos-del-Agua-sombra-500x500.jpg 500w, https:\/\/phorart.com\/wp-content\/uploads\/2024\/04\/Phorart-Libro-Cesar-Manrique-Jameos-del-Agua-sombra-550x549.jpg 550w, https:\/\/phorart.com\/wp-content\/uploads\/2024\/04\/Phorart-Libro-Cesar-Manrique-Jameos-del-Agua-sombra-400x400.jpg 400w, https:\/\/phorart.com\/wp-content\/uploads\/2024\/04\/Phorart-Libro-Cesar-Manrique-Jameos-del-Agua-sombra-1920x1915.jpg 1920w, https:\/\/phorart.com\/wp-content\/uploads\/2024\/04\/Phorart-Libro-Cesar-Manrique-Jameos-del-Agua-sombra-2000x1995.jpg 2000w, https:\/\/phorart.com\/wp-content\/uploads\/2024\/04\/Phorart-Libro-Cesar-Manrique-Jameos-del-Agua-sombra-1200x1197.jpg 1200w, https:\/\/phorart.com\/wp-content\/uploads\/2024\/04\/Phorart-Libro-Cesar-Manrique-Jameos-del-Agua-sombra-290x290.jpg 290w\" sizes=\"(max-width: 2560px) 100vw, 2560px\" \/>\t\t\t\t\t\t\t\t<\/a>\n\t\t\t\t\t\t\t\t\t\t\t\t\t<\/div>\n\t\t\t\t<\/div>\n\t\t\t\t\t<\/div>\n\t\t\t\t<\/div>\n\t\t<div class=\"wolf-core-elementor-row wolf-core-font- elementor-element elementor-element-4fefe76 e-flex e-con-boxed e-con e-child\" data-font-skin=\"\" data-id=\"4fefe76\" data-element_type=\"container\">\n\t\t\t\t\t<div class=\"e-con-inner\">\n\t\t\t\t<div class=\" elementor-element elementor-element-6596d5d elementor-widget elementor-widget-image\" data-id=\"6596d5d\" data-element_type=\"widget\" data-settings=\"{&quot;_animation&quot;:&quot;none&quot;}\" data-widget_type=\"image.default\">\n\t\t\t\t<div class=\"elementor-widget-container\">\n\t\t\t\t\t\t\t\t\t\t\t\t\t\t<a href=\"https:\/\/phorart.com\/wp-content\/uploads\/2024\/04\/Phorart-Libro-Cesar-Manrique-Mirador-del-Rio.jpg\" data-elementor-open-lightbox=\"no\" data-lbwps-width=\"2960\" data-lbwps-height=\"2963\" data-lbwps-srcsmall=\"https:\/\/phorart.com\/wp-content\/uploads\/2024\/04\/Phorart-Libro-Cesar-Manrique-Mirador-del-Rio-300x300.jpg\">\n\t\t\t\t\t\t\t<img loading=\"lazy\" decoding=\"async\" width=\"2560\" height=\"2563\" src=\"https:\/\/phorart.com\/wp-content\/uploads\/2024\/04\/Phorart-Libro-Cesar-Manrique-Mirador-del-Rio-2560x2563.jpg\" class=\"attachment-phorart-2560 size-phorart-2560 wp-image-7442\" alt=\"\" title=\"Phorart-Libro-Cesar-Manrique-Mirador-del-Rio\" srcset=\"https:\/\/phorart.com\/wp-content\/uploads\/2024\/04\/Phorart-Libro-Cesar-Manrique-Mirador-del-Rio-2560x2563.jpg 2560w, https:\/\/phorart.com\/wp-content\/uploads\/2024\/04\/Phorart-Libro-Cesar-Manrique-Mirador-del-Rio-300x300.jpg 300w, https:\/\/phorart.com\/wp-content\/uploads\/2024\/04\/Phorart-Libro-Cesar-Manrique-Mirador-del-Rio-1024x1024.jpg 1024w, https:\/\/phorart.com\/wp-content\/uploads\/2024\/04\/Phorart-Libro-Cesar-Manrique-Mirador-del-Rio-150x150.jpg 150w, https:\/\/phorart.com\/wp-content\/uploads\/2024\/04\/Phorart-Libro-Cesar-Manrique-Mirador-del-Rio-768x769.jpg 768w, https:\/\/phorart.com\/wp-content\/uploads\/2024\/04\/Phorart-Libro-Cesar-Manrique-Mirador-del-Rio-1534x1536.jpg 1534w, https:\/\/phorart.com\/wp-content\/uploads\/2024\/04\/Phorart-Libro-Cesar-Manrique-Mirador-del-Rio-2046x2048.jpg 2046w, https:\/\/phorart.com\/wp-content\/uploads\/2024\/04\/Phorart-Libro-Cesar-Manrique-Mirador-del-Rio-569x570.jpg 569w, https:\/\/phorart.com\/wp-content\/uploads\/2024\/04\/Phorart-Libro-Cesar-Manrique-Mirador-del-Rio-500x500.jpg 500w, https:\/\/phorart.com\/wp-content\/uploads\/2024\/04\/Phorart-Libro-Cesar-Manrique-Mirador-del-Rio-550x551.jpg 550w, https:\/\/phorart.com\/wp-content\/uploads\/2024\/04\/Phorart-Libro-Cesar-Manrique-Mirador-del-Rio-400x400.jpg 400w, https:\/\/phorart.com\/wp-content\/uploads\/2024\/04\/Phorart-Libro-Cesar-Manrique-Mirador-del-Rio-1920x1922.jpg 1920w, https:\/\/phorart.com\/wp-content\/uploads\/2024\/04\/Phorart-Libro-Cesar-Manrique-Mirador-del-Rio-2000x2002.jpg 2000w, https:\/\/phorart.com\/wp-content\/uploads\/2024\/04\/Phorart-Libro-Cesar-Manrique-Mirador-del-Rio-1200x1201.jpg 1200w, https:\/\/phorart.com\/wp-content\/uploads\/2024\/04\/Phorart-Libro-Cesar-Manrique-Mirador-del-Rio-290x290.jpg 290w\" sizes=\"(max-width: 2560px) 100vw, 2560px\" \/>\t\t\t\t\t\t\t\t<\/a>\n\t\t\t\t\t\t\t\t\t\t\t\t\t<\/div>\n\t\t\t\t<\/div>\n\t\t\t\t<div class=\" elementor-element elementor-element-7d10397 elementor-widget elementor-widget-image\" data-id=\"7d10397\" data-element_type=\"widget\" data-settings=\"{&quot;_animation&quot;:&quot;none&quot;}\" data-widget_type=\"image.default\">\n\t\t\t\t<div class=\"elementor-widget-container\">\n\t\t\t\t\t\t\t\t\t\t\t\t\t\t<a href=\"https:\/\/phorart.com\/wp-content\/uploads\/2024\/04\/Phorart-Libro-Cesar-Manrique-Timanfaya.jpg\" data-elementor-open-lightbox=\"no\" data-lbwps-width=\"2960\" data-lbwps-height=\"2973\" data-lbwps-srcsmall=\"https:\/\/phorart.com\/wp-content\/uploads\/2024\/04\/Phorart-Libro-Cesar-Manrique-Timanfaya.jpg\">\n\t\t\t\t\t\t\t<img loading=\"lazy\" decoding=\"async\" width=\"2560\" height=\"2571\" src=\"https:\/\/phorart.com\/wp-content\/uploads\/2024\/04\/Phorart-Libro-Cesar-Manrique-Timanfaya-2560x2571.jpg\" class=\"attachment-phorart-2560 size-phorart-2560 wp-image-7443\" alt=\"\" title=\"Phorart-Libro-Cesar-Manrique-Timanfaya\" srcset=\"https:\/\/phorart.com\/wp-content\/uploads\/2024\/04\/Phorart-Libro-Cesar-Manrique-Timanfaya-2560x2571.jpg 2560w, https:\/\/phorart.com\/wp-content\/uploads\/2024\/04\/Phorart-Libro-Cesar-Manrique-Timanfaya-300x300.jpg 300w, https:\/\/phorart.com\/wp-content\/uploads\/2024\/04\/Phorart-Libro-Cesar-Manrique-Timanfaya-1020x1024.jpg 1020w, https:\/\/phorart.com\/wp-content\/uploads\/2024\/04\/Phorart-Libro-Cesar-Manrique-Timanfaya-150x150.jpg 150w, https:\/\/phorart.com\/wp-content\/uploads\/2024\/04\/Phorart-Libro-Cesar-Manrique-Timanfaya-768x771.jpg 768w, https:\/\/phorart.com\/wp-content\/uploads\/2024\/04\/Phorart-Libro-Cesar-Manrique-Timanfaya-1529x1536.jpg 1529w, https:\/\/phorart.com\/wp-content\/uploads\/2024\/04\/Phorart-Libro-Cesar-Manrique-Timanfaya-2039x2048.jpg 2039w, https:\/\/phorart.com\/wp-content\/uploads\/2024\/04\/Phorart-Libro-Cesar-Manrique-Timanfaya-568x570.jpg 568w, https:\/\/phorart.com\/wp-content\/uploads\/2024\/04\/Phorart-Libro-Cesar-Manrique-Timanfaya-498x500.jpg 498w, https:\/\/phorart.com\/wp-content\/uploads\/2024\/04\/Phorart-Libro-Cesar-Manrique-Timanfaya-550x552.jpg 550w, https:\/\/phorart.com\/wp-content\/uploads\/2024\/04\/Phorart-Libro-Cesar-Manrique-Timanfaya-500x502.jpg 500w, https:\/\/phorart.com\/wp-content\/uploads\/2024\/04\/Phorart-Libro-Cesar-Manrique-Timanfaya-398x400.jpg 398w, https:\/\/phorart.com\/wp-content\/uploads\/2024\/04\/Phorart-Libro-Cesar-Manrique-Timanfaya-1920x1928.jpg 1920w, https:\/\/phorart.com\/wp-content\/uploads\/2024\/04\/Phorart-Libro-Cesar-Manrique-Timanfaya-2000x2009.jpg 2000w, https:\/\/phorart.com\/wp-content\/uploads\/2024\/04\/Phorart-Libro-Cesar-Manrique-Timanfaya-1200x1205.jpg 1200w, https:\/\/phorart.com\/wp-content\/uploads\/2024\/04\/Phorart-Libro-Cesar-Manrique-Timanfaya-290x290.jpg 290w\" sizes=\"(max-width: 2560px) 100vw, 2560px\" \/>\t\t\t\t\t\t\t\t<\/a>\n\t\t\t\t\t\t\t\t\t\t\t\t\t<\/div>\n\t\t\t\t<\/div>\n\t\t\t\t\t<\/div>\n\t\t\t\t<\/div>\n\t\t\t\t\t<\/div>\n\t\t\t\t<\/div>\n\t\t<div class=\"wolf-core-elementor-row wolf-core-font- elementor-element elementor-element-65b3040 e-flex e-con-boxed e-con e-parent\" data-font-skin=\"\" data-id=\"65b3040\" data-element_type=\"container\">\n\t\t\t\t\t<div class=\"e-con-inner\">\n\t\t\t\t<div class=\" elementor-element elementor-element-9538b96 elementor-widget elementor-widget-text-editor\" data-id=\"9538b96\" data-element_type=\"widget\" data-widget_type=\"text-editor.default\">\n\t\t\t\t<div class=\"elementor-widget-container\">\n\t\t\t\t\t\t\t<p>Fotograf\u00edas para los libros de la \u00abColecci\u00f3n Lugares Editados\u00bb por la Fundaci\u00f3n C\u00e9sar Manrique, Lanzarote<\/p>\t\t\t\t\t\t<\/div>\n\t\t\t\t<\/div>\n\t\t\t\t\t<\/div>\n\t\t\t\t<\/div>\n\t\t<div class=\"wolf-core-elementor-row wolf-core-font- elementor-element elementor-element-42b33b2 e-flex e-con-boxed e-con e-parent\" data-font-skin=\"\" data-id=\"42b33b2\" data-element_type=\"container\">\n\t\t\t\t\t<div class=\"e-con-inner\">\n\t\t\t\t<div class=\"elementor-element elementor-element-5e0d0f6 elementor-widget-divider--view-line elementor-widget elementor-widget-divider\" data-id=\"5e0d0f6\" data-element_type=\"widget\" data-widget_type=\"divider.default\">\n\t\t\t\t<div class=\"elementor-widget-container\">\n\t\t\t\t\t<div class=\"elementor-divider\">\n\t\t\t<span class=\"elementor-divider-separator\">\n\t\t\t\t\t\t<\/span>\n\t\t<\/div>\n\t\t\t\t<\/div>\n\t\t\t\t<\/div>\n\t\t\t\t<div class=\" elementor-element elementor-element-65e6602 phorart-title elementor-widget elementor-widget-text-editor\" data-id=\"65e6602\" data-element_type=\"widget\" data-widget_type=\"text-editor.default\">\n\t\t\t\t<div class=\"elementor-widget-container\">\n\t\t\t\t\t\t\t<h3>Reportaje fotogr\u00e1fico de Acciones Art\u00edsticas<\/h3>\t\t\t\t\t\t<\/div>\n\t\t\t\t<\/div>\n\t\t\t\t\t<\/div>\n\t\t\t\t<\/div>\n\t\t<div class=\"wolf-core-elementor-row wolf-core-font-dark elementor-element elementor-element-b1a3e75 e-con-full wolf-core-font-dark e-flex e-con e-parent\" data-font-skin=\"dark\" data-id=\"b1a3e75\" data-element_type=\"container\">\n\t\t\t\t<div class=\" elementor-element elementor-element-c173819 elementor-widget elementor-widget-image\" data-id=\"c173819\" data-element_type=\"widget\" data-settings=\"{&quot;_animation&quot;:&quot;none&quot;}\" data-widget_type=\"image.default\">\n\t\t\t\t<div class=\"elementor-widget-container\">\n\t\t\t\t\t\t\t\t\t\t\t\t\t\t<a href=\"https:\/\/phorart.com\/wp-content\/uploads\/2024\/04\/Phorart-Nubes-de-Memoria-de-Eugenio-Ampudia-10.jpg\" data-elementor-open-lightbox=\"no\" data-lbwps-width=\"3960\" data-lbwps-height=\"1398\" data-lbwps-srcsmall=\"https:\/\/phorart.com\/wp-content\/uploads\/2024\/04\/Phorart-Nubes-de-Memoria-de-Eugenio-Ampudia-10-300x106.jpg\">\n\t\t\t\t\t\t\t<img loading=\"lazy\" decoding=\"async\" width=\"2560\" height=\"904\" src=\"https:\/\/phorart.com\/wp-content\/uploads\/2024\/04\/Phorart-Nubes-de-Memoria-de-Eugenio-Ampudia-10-scaled.jpg\" class=\"attachment-full size-full wp-image-7458\" alt=\"\" title=\"Phorart-Nubes-de-Memoria-de-Eugenio-Ampudia-10\" srcset=\"https:\/\/phorart.com\/wp-content\/uploads\/2024\/04\/Phorart-Nubes-de-Memoria-de-Eugenio-Ampudia-10-scaled.jpg 2560w, https:\/\/phorart.com\/wp-content\/uploads\/2024\/04\/Phorart-Nubes-de-Memoria-de-Eugenio-Ampudia-10-300x106.jpg 300w, https:\/\/phorart.com\/wp-content\/uploads\/2024\/04\/Phorart-Nubes-de-Memoria-de-Eugenio-Ampudia-10-1024x362.jpg 1024w, https:\/\/phorart.com\/wp-content\/uploads\/2024\/04\/Phorart-Nubes-de-Memoria-de-Eugenio-Ampudia-10-768x271.jpg 768w, https:\/\/phorart.com\/wp-content\/uploads\/2024\/04\/Phorart-Nubes-de-Memoria-de-Eugenio-Ampudia-10-1536x542.jpg 1536w, https:\/\/phorart.com\/wp-content\/uploads\/2024\/04\/Phorart-Nubes-de-Memoria-de-Eugenio-Ampudia-10-2048x723.jpg 2048w, https:\/\/phorart.com\/wp-content\/uploads\/2024\/04\/Phorart-Nubes-de-Memoria-de-Eugenio-Ampudia-10-1140x402.jpg 1140w, https:\/\/phorart.com\/wp-content\/uploads\/2024\/04\/Phorart-Nubes-de-Memoria-de-Eugenio-Ampudia-10-500x177.jpg 500w, https:\/\/phorart.com\/wp-content\/uploads\/2024\/04\/Phorart-Nubes-de-Memoria-de-Eugenio-Ampudia-10-550x194.jpg 550w, https:\/\/phorart.com\/wp-content\/uploads\/2024\/04\/Phorart-Nubes-de-Memoria-de-Eugenio-Ampudia-10-400x141.jpg 400w, https:\/\/phorart.com\/wp-content\/uploads\/2024\/04\/Phorart-Nubes-de-Memoria-de-Eugenio-Ampudia-10-1920x678.jpg 1920w, https:\/\/phorart.com\/wp-content\/uploads\/2024\/04\/Phorart-Nubes-de-Memoria-de-Eugenio-Ampudia-10-2000x706.jpg 2000w, https:\/\/phorart.com\/wp-content\/uploads\/2024\/04\/Phorart-Nubes-de-Memoria-de-Eugenio-Ampudia-10-1200x424.jpg 1200w\" sizes=\"(max-width: 2560px) 100vw, 2560px\" \/>\t\t\t\t\t\t\t\t<\/a>\n\t\t\t\t\t\t\t\t\t\t\t\t\t<\/div>\n\t\t\t\t<\/div>\n\t\t\t\t<\/div>\n\t\t<div class=\"wolf-core-elementor-row wolf-core-font- elementor-element elementor-element-6657cfa e-con-full e-flex e-con e-parent\" data-font-skin=\"\" data-id=\"6657cfa\" data-element_type=\"container\">\n\t\t<div class=\"wolf-core-elementor-row wolf-core-font- elementor-element elementor-element-254715a e-con-full e-flex e-con e-child\" data-font-skin=\"\" data-id=\"254715a\" data-element_type=\"container\">\n\t\t\t\t<div class=\" elementor-element elementor-element-ca5c9cb elementor-widget__width-inherit elementor-widget elementor-widget-image\" data-id=\"ca5c9cb\" data-element_type=\"widget\" data-settings=\"{&quot;_animation&quot;:&quot;none&quot;}\" data-widget_type=\"image.default\">\n\t\t\t\t<div class=\"elementor-widget-container\">\n\t\t\t\t\t\t\t\t\t\t\t\t\t\t<a href=\"https:\/\/phorart.com\/wp-content\/uploads\/2024\/04\/Phorart-Nubes-de-Memoria-de-Eugenio-Ampudia-3.jpg\" data-elementor-open-lightbox=\"no\" data-lbwps-width=\"2960\" data-lbwps-height=\"4405\" data-lbwps-srcsmall=\"https:\/\/phorart.com\/wp-content\/uploads\/2024\/04\/Phorart-Nubes-de-Memoria-de-Eugenio-Ampudia-3-202x300.jpg\">\n\t\t\t\t\t\t\t<img loading=\"lazy\" decoding=\"async\" width=\"2560\" height=\"3810\" src=\"https:\/\/phorart.com\/wp-content\/uploads\/2024\/04\/Phorart-Nubes-de-Memoria-de-Eugenio-Ampudia-3-2560x3810.jpg\" class=\"attachment-phorart-2560 size-phorart-2560 wp-image-7454\" alt=\"\" title=\"Phorart-Nubes-de-Memoria-de-Eugenio-Ampudia-3\" srcset=\"https:\/\/phorart.com\/wp-content\/uploads\/2024\/04\/Phorart-Nubes-de-Memoria-de-Eugenio-Ampudia-3-2560x3810.jpg 2560w, https:\/\/phorart.com\/wp-content\/uploads\/2024\/04\/Phorart-Nubes-de-Memoria-de-Eugenio-Ampudia-3-202x300.jpg 202w, https:\/\/phorart.com\/wp-content\/uploads\/2024\/04\/Phorart-Nubes-de-Memoria-de-Eugenio-Ampudia-3-688x1024.jpg 688w, https:\/\/phorart.com\/wp-content\/uploads\/2024\/04\/Phorart-Nubes-de-Memoria-de-Eugenio-Ampudia-3-768x1143.jpg 768w, https:\/\/phorart.com\/wp-content\/uploads\/2024\/04\/Phorart-Nubes-de-Memoria-de-Eugenio-Ampudia-3-1032x1536.jpg 1032w, https:\/\/phorart.com\/wp-content\/uploads\/2024\/04\/Phorart-Nubes-de-Memoria-de-Eugenio-Ampudia-3-1376x2048.jpg 1376w, https:\/\/phorart.com\/wp-content\/uploads\/2024\/04\/Phorart-Nubes-de-Memoria-de-Eugenio-Ampudia-3-383x570.jpg 383w, https:\/\/phorart.com\/wp-content\/uploads\/2024\/04\/Phorart-Nubes-de-Memoria-de-Eugenio-Ampudia-3-336x500.jpg 336w, https:\/\/phorart.com\/wp-content\/uploads\/2024\/04\/Phorart-Nubes-de-Memoria-de-Eugenio-Ampudia-3-550x818.jpg 550w, https:\/\/phorart.com\/wp-content\/uploads\/2024\/04\/Phorart-Nubes-de-Memoria-de-Eugenio-Ampudia-3-500x744.jpg 500w, https:\/\/phorart.com\/wp-content\/uploads\/2024\/04\/Phorart-Nubes-de-Memoria-de-Eugenio-Ampudia-3-269x400.jpg 269w, https:\/\/phorart.com\/wp-content\/uploads\/2024\/04\/Phorart-Nubes-de-Memoria-de-Eugenio-Ampudia-3-1920x2857.jpg 1920w, https:\/\/phorart.com\/wp-content\/uploads\/2024\/04\/Phorart-Nubes-de-Memoria-de-Eugenio-Ampudia-3-2000x2976.jpg 2000w, https:\/\/phorart.com\/wp-content\/uploads\/2024\/04\/Phorart-Nubes-de-Memoria-de-Eugenio-Ampudia-3-1200x1786.jpg 1200w, https:\/\/phorart.com\/wp-content\/uploads\/2024\/04\/Phorart-Nubes-de-Memoria-de-Eugenio-Ampudia-3-scaled.jpg 1720w\" sizes=\"(max-width: 2560px) 100vw, 2560px\" \/>\t\t\t\t\t\t\t\t<\/a>\n\t\t\t\t\t\t\t\t\t\t\t\t\t<\/div>\n\t\t\t\t<\/div>\n\t\t\t\t<\/div>\n\t\t<div class=\"wolf-core-elementor-row wolf-core-font- elementor-element elementor-element-6d1b140 e-con-full e-flex e-con e-child\" data-font-skin=\"\" data-id=\"6d1b140\" data-element_type=\"container\">\n\t\t\t\t<div class=\" elementor-element elementor-element-2a49a07 elementor-widget elementor-widget-image\" data-id=\"2a49a07\" data-element_type=\"widget\" data-settings=\"{&quot;_animation&quot;:&quot;none&quot;}\" data-widget_type=\"image.default\">\n\t\t\t\t<div class=\"elementor-widget-container\">\n\t\t\t\t\t\t\t\t\t\t\t\t\t\t<a href=\"https:\/\/phorart.com\/wp-content\/uploads\/2024\/04\/Phorart-Nubes-de-Memoria-de-Eugenio-Ampudia-4.jpg\" data-elementor-open-lightbox=\"no\" data-lbwps-width=\"2960\" data-lbwps-height=\"4412\" data-lbwps-srcsmall=\"https:\/\/phorart.com\/wp-content\/uploads\/2024\/04\/Phorart-Nubes-de-Memoria-de-Eugenio-Ampudia-4-201x300.jpg\">\n\t\t\t\t\t\t\t<img loading=\"lazy\" decoding=\"async\" width=\"2560\" height=\"3816\" src=\"https:\/\/phorart.com\/wp-content\/uploads\/2024\/04\/Phorart-Nubes-de-Memoria-de-Eugenio-Ampudia-4-2560x3816.jpg\" class=\"attachment-phorart-2560 size-phorart-2560 wp-image-7455\" alt=\"\" title=\"Phorart-Nubes-de-Memoria-de-Eugenio-Ampudia-4\" srcset=\"https:\/\/phorart.com\/wp-content\/uploads\/2024\/04\/Phorart-Nubes-de-Memoria-de-Eugenio-Ampudia-4-2560x3816.jpg 2560w, https:\/\/phorart.com\/wp-content\/uploads\/2024\/04\/Phorart-Nubes-de-Memoria-de-Eugenio-Ampudia-4-201x300.jpg 201w, https:\/\/phorart.com\/wp-content\/uploads\/2024\/04\/Phorart-Nubes-de-Memoria-de-Eugenio-Ampudia-4-687x1024.jpg 687w, https:\/\/phorart.com\/wp-content\/uploads\/2024\/04\/Phorart-Nubes-de-Memoria-de-Eugenio-Ampudia-4-768x1145.jpg 768w, https:\/\/phorart.com\/wp-content\/uploads\/2024\/04\/Phorart-Nubes-de-Memoria-de-Eugenio-Ampudia-4-1030x1536.jpg 1030w, https:\/\/phorart.com\/wp-content\/uploads\/2024\/04\/Phorart-Nubes-de-Memoria-de-Eugenio-Ampudia-4-1374x2048.jpg 1374w, https:\/\/phorart.com\/wp-content\/uploads\/2024\/04\/Phorart-Nubes-de-Memoria-de-Eugenio-Ampudia-4-382x570.jpg 382w, https:\/\/phorart.com\/wp-content\/uploads\/2024\/04\/Phorart-Nubes-de-Memoria-de-Eugenio-Ampudia-4-335x500.jpg 335w, https:\/\/phorart.com\/wp-content\/uploads\/2024\/04\/Phorart-Nubes-de-Memoria-de-Eugenio-Ampudia-4-550x820.jpg 550w, https:\/\/phorart.com\/wp-content\/uploads\/2024\/04\/Phorart-Nubes-de-Memoria-de-Eugenio-Ampudia-4-500x745.jpg 500w, https:\/\/phorart.com\/wp-content\/uploads\/2024\/04\/Phorart-Nubes-de-Memoria-de-Eugenio-Ampudia-4-268x400.jpg 268w, https:\/\/phorart.com\/wp-content\/uploads\/2024\/04\/Phorart-Nubes-de-Memoria-de-Eugenio-Ampudia-4-1920x2862.jpg 1920w, https:\/\/phorart.com\/wp-content\/uploads\/2024\/04\/Phorart-Nubes-de-Memoria-de-Eugenio-Ampudia-4-2000x2981.jpg 2000w, https:\/\/phorart.com\/wp-content\/uploads\/2024\/04\/Phorart-Nubes-de-Memoria-de-Eugenio-Ampudia-4-1200x1789.jpg 1200w, https:\/\/phorart.com\/wp-content\/uploads\/2024\/04\/Phorart-Nubes-de-Memoria-de-Eugenio-Ampudia-4-scaled.jpg 1717w\" sizes=\"(max-width: 2560px) 100vw, 2560px\" \/>\t\t\t\t\t\t\t\t<\/a>\n\t\t\t\t\t\t\t\t\t\t\t\t\t<\/div>\n\t\t\t\t<\/div>\n\t\t\t\t<\/div>\n\t\t<div class=\"wolf-core-elementor-row wolf-core-font- elementor-element elementor-element-ba0b982 e-con-full e-flex e-con e-child\" data-font-skin=\"\" data-id=\"ba0b982\" data-element_type=\"container\">\n\t\t\t\t<div class=\" elementor-element elementor-element-d283625 elementor-widget elementor-widget-image\" data-id=\"d283625\" data-element_type=\"widget\" data-settings=\"{&quot;_animation&quot;:&quot;none&quot;}\" data-widget_type=\"image.default\">\n\t\t\t\t<div class=\"elementor-widget-container\">\n\t\t\t\t\t\t\t\t\t\t\t\t\t\t<a href=\"https:\/\/phorart.com\/wp-content\/uploads\/2024\/04\/Phorart-Nubes-de-Memoria-de-Eugenio-Ampudia-9.jpg\" data-elementor-open-lightbox=\"no\" data-lbwps-width=\"2960\" data-lbwps-height=\"4410\" data-lbwps-srcsmall=\"https:\/\/phorart.com\/wp-content\/uploads\/2024\/04\/Phorart-Nubes-de-Memoria-de-Eugenio-Ampudia-9-201x300.jpg\">\n\t\t\t\t\t\t\t<img loading=\"lazy\" decoding=\"async\" width=\"2560\" height=\"3814\" src=\"https:\/\/phorart.com\/wp-content\/uploads\/2024\/04\/Phorart-Nubes-de-Memoria-de-Eugenio-Ampudia-9-2560x3814.jpg\" class=\"attachment-phorart-2560 size-phorart-2560 wp-image-7457\" alt=\"\" title=\"Phorart-Nubes-de-Memoria-de-Eugenio-Ampudia-9\" srcset=\"https:\/\/phorart.com\/wp-content\/uploads\/2024\/04\/Phorart-Nubes-de-Memoria-de-Eugenio-Ampudia-9-2560x3814.jpg 2560w, https:\/\/phorart.com\/wp-content\/uploads\/2024\/04\/Phorart-Nubes-de-Memoria-de-Eugenio-Ampudia-9-201x300.jpg 201w, https:\/\/phorart.com\/wp-content\/uploads\/2024\/04\/Phorart-Nubes-de-Memoria-de-Eugenio-Ampudia-9-687x1024.jpg 687w, https:\/\/phorart.com\/wp-content\/uploads\/2024\/04\/Phorart-Nubes-de-Memoria-de-Eugenio-Ampudia-9-768x1144.jpg 768w, https:\/\/phorart.com\/wp-content\/uploads\/2024\/04\/Phorart-Nubes-de-Memoria-de-Eugenio-Ampudia-9-1031x1536.jpg 1031w, https:\/\/phorart.com\/wp-content\/uploads\/2024\/04\/Phorart-Nubes-de-Memoria-de-Eugenio-Ampudia-9-1375x2048.jpg 1375w, https:\/\/phorart.com\/wp-content\/uploads\/2024\/04\/Phorart-Nubes-de-Memoria-de-Eugenio-Ampudia-9-383x570.jpg 383w, https:\/\/phorart.com\/wp-content\/uploads\/2024\/04\/Phorart-Nubes-de-Memoria-de-Eugenio-Ampudia-9-336x500.jpg 336w, https:\/\/phorart.com\/wp-content\/uploads\/2024\/04\/Phorart-Nubes-de-Memoria-de-Eugenio-Ampudia-9-550x819.jpg 550w, https:\/\/phorart.com\/wp-content\/uploads\/2024\/04\/Phorart-Nubes-de-Memoria-de-Eugenio-Ampudia-9-500x745.jpg 500w, https:\/\/phorart.com\/wp-content\/uploads\/2024\/04\/Phorart-Nubes-de-Memoria-de-Eugenio-Ampudia-9-268x400.jpg 268w, https:\/\/phorart.com\/wp-content\/uploads\/2024\/04\/Phorart-Nubes-de-Memoria-de-Eugenio-Ampudia-9-1920x2861.jpg 1920w, https:\/\/phorart.com\/wp-content\/uploads\/2024\/04\/Phorart-Nubes-de-Memoria-de-Eugenio-Ampudia-9-2000x2980.jpg 2000w, https:\/\/phorart.com\/wp-content\/uploads\/2024\/04\/Phorart-Nubes-de-Memoria-de-Eugenio-Ampudia-9-1200x1788.jpg 1200w, https:\/\/phorart.com\/wp-content\/uploads\/2024\/04\/Phorart-Nubes-de-Memoria-de-Eugenio-Ampudia-9-scaled.jpg 1718w\" sizes=\"(max-width: 2560px) 100vw, 2560px\" \/>\t\t\t\t\t\t\t\t<\/a>\n\t\t\t\t\t\t\t\t\t\t\t\t\t<\/div>\n\t\t\t\t<\/div>\n\t\t\t\t<\/div>\n\t\t<div class=\"wolf-core-elementor-row wolf-core-font- elementor-element elementor-element-0f20952 e-con-full e-flex e-con e-child\" data-font-skin=\"\" data-id=\"0f20952\" data-element_type=\"container\">\n\t\t\t\t<div class=\" elementor-element elementor-element-e1e331d elementor-widget elementor-widget-image\" data-id=\"e1e331d\" data-element_type=\"widget\" data-settings=\"{&quot;_animation&quot;:&quot;none&quot;}\" data-widget_type=\"image.default\">\n\t\t\t\t<div class=\"elementor-widget-container\">\n\t\t\t\t\t\t\t\t\t\t\t\t\t\t<a href=\"https:\/\/phorart.com\/wp-content\/uploads\/2024\/04\/Phorart-Nubes-de-Memoria-de-Eugenio-Ampudia-2.jpg\" data-elementor-open-lightbox=\"no\" data-lbwps-width=\"2560\" data-lbwps-height=\"3200\" data-lbwps-srcsmall=\"https:\/\/phorart.com\/wp-content\/uploads\/2024\/04\/Phorart-Nubes-de-Memoria-de-Eugenio-Ampudia-2-240x300.jpg\">\n\t\t\t\t\t\t\t<img loading=\"lazy\" decoding=\"async\" width=\"2048\" height=\"2560\" src=\"https:\/\/phorart.com\/wp-content\/uploads\/2024\/04\/Phorart-Nubes-de-Memoria-de-Eugenio-Ampudia-2-scaled.jpg\" class=\"attachment-phorart-2560 size-phorart-2560 wp-image-7453\" alt=\"\" title=\"Phorart-Nubes-de-Memoria-de-Eugenio-Ampudia-2\" srcset=\"https:\/\/phorart.com\/wp-content\/uploads\/2024\/04\/Phorart-Nubes-de-Memoria-de-Eugenio-Ampudia-2-scaled.jpg 2048w, https:\/\/phorart.com\/wp-content\/uploads\/2024\/04\/Phorart-Nubes-de-Memoria-de-Eugenio-Ampudia-2-240x300.jpg 240w, https:\/\/phorart.com\/wp-content\/uploads\/2024\/04\/Phorart-Nubes-de-Memoria-de-Eugenio-Ampudia-2-819x1024.jpg 819w, https:\/\/phorart.com\/wp-content\/uploads\/2024\/04\/Phorart-Nubes-de-Memoria-de-Eugenio-Ampudia-2-768x960.jpg 768w, https:\/\/phorart.com\/wp-content\/uploads\/2024\/04\/Phorart-Nubes-de-Memoria-de-Eugenio-Ampudia-2-1229x1536.jpg 1229w, https:\/\/phorart.com\/wp-content\/uploads\/2024\/04\/Phorart-Nubes-de-Memoria-de-Eugenio-Ampudia-2-1638x2048.jpg 1638w, https:\/\/phorart.com\/wp-content\/uploads\/2024\/04\/Phorart-Nubes-de-Memoria-de-Eugenio-Ampudia-2-456x570.jpg 456w, https:\/\/phorart.com\/wp-content\/uploads\/2024\/04\/Phorart-Nubes-de-Memoria-de-Eugenio-Ampudia-2-400x500.jpg 400w, https:\/\/phorart.com\/wp-content\/uploads\/2024\/04\/Phorart-Nubes-de-Memoria-de-Eugenio-Ampudia-2-550x688.jpg 550w, https:\/\/phorart.com\/wp-content\/uploads\/2024\/04\/Phorart-Nubes-de-Memoria-de-Eugenio-Ampudia-2-500x625.jpg 500w, https:\/\/phorart.com\/wp-content\/uploads\/2024\/04\/Phorart-Nubes-de-Memoria-de-Eugenio-Ampudia-2-320x400.jpg 320w, https:\/\/phorart.com\/wp-content\/uploads\/2024\/04\/Phorart-Nubes-de-Memoria-de-Eugenio-Ampudia-2-1920x2400.jpg 1920w, https:\/\/phorart.com\/wp-content\/uploads\/2024\/04\/Phorart-Nubes-de-Memoria-de-Eugenio-Ampudia-2-2000x2500.jpg 2000w, https:\/\/phorart.com\/wp-content\/uploads\/2024\/04\/Phorart-Nubes-de-Memoria-de-Eugenio-Ampudia-2-1200x1500.jpg 1200w\" sizes=\"(max-width: 2048px) 100vw, 2048px\" \/>\t\t\t\t\t\t\t\t<\/a>\n\t\t\t\t\t\t\t\t\t\t\t\t\t<\/div>\n\t\t\t\t<\/div>\n\t\t\t\t<\/div>\n\t\t\t\t<\/div>\n\t\t<div class=\"wolf-core-elementor-row wolf-core-font- elementor-element elementor-element-dbfdb8f e-flex e-con-boxed e-con e-parent\" data-font-skin=\"\" data-id=\"dbfdb8f\" data-element_type=\"container\">\n\t\t\t\t\t<div class=\"e-con-inner\">\n\t\t\t\t<div class=\" elementor-element elementor-element-5e52c78 elementor-widget elementor-widget-text-editor\" data-id=\"5e52c78\" data-element_type=\"widget\" data-widget_type=\"text-editor.default\">\n\t\t\t\t<div class=\"elementor-widget-container\">\n\t\t\t\t\t\t\t<p>\u00abNubes de Memoria\u00bb Acci\u00f3n de Eugenio Ampudia recorriendo el Camino de Santiago para Seacex<\/p>\t\t\t\t\t\t<\/div>\n\t\t\t\t<\/div>\n\t\t\t\t\t<\/div>\n\t\t\t\t<\/div>\n\t\t<div class=\"wolf-core-elementor-row wolf-core-font- elementor-element elementor-element-ff5387d e-flex e-con-boxed e-con e-parent\" data-font-skin=\"\" data-id=\"ff5387d\" data-element_type=\"container\">\n\t\t\t\t\t<div class=\"e-con-inner\">\n\t\t\t\t<div class=\"elementor-element elementor-element-56491a0 elementor-widget-divider--view-line elementor-widget elementor-widget-divider\" data-id=\"56491a0\" data-element_type=\"widget\" data-widget_type=\"divider.default\">\n\t\t\t\t<div class=\"elementor-widget-container\">\n\t\t\t\t\t<div class=\"elementor-divider\">\n\t\t\t<span class=\"elementor-divider-separator\">\n\t\t\t\t\t\t<\/span>\n\t\t<\/div>\n\t\t\t\t<\/div>\n\t\t\t\t<\/div>\n\t\t\t\t<div class=\" elementor-element elementor-element-3dfd9bb phorart-title elementor-widget elementor-widget-text-editor\" data-id=\"3dfd9bb\" data-element_type=\"widget\" data-widget_type=\"text-editor.default\">\n\t\t\t\t<div class=\"elementor-widget-container\">\n\t\t\t\t\t\t\t<h3>Reportaje fotogr\u00e1fico de Performances<\/h3>\t\t\t\t\t\t<\/div>\n\t\t\t\t<\/div>\n\t\t\t\t\t<\/div>\n\t\t\t\t<\/div>\n\t\t<div class=\"wolf-core-elementor-row wolf-core-font- elementor-element elementor-element-2f12492 e-con-full e-flex e-con e-parent\" data-font-skin=\"\" data-id=\"2f12492\" data-element_type=\"container\">\n\t\t<div class=\"wolf-core-elementor-row wolf-core-font- elementor-element elementor-element-f57dccc e-con-full e-flex e-con e-child\" data-font-skin=\"\" data-id=\"f57dccc\" data-element_type=\"container\">\n\t\t\t\t<div class=\" elementor-element elementor-element-421b4a1 elementor-widget__width-inherit elementor-widget elementor-widget-image\" data-id=\"421b4a1\" data-element_type=\"widget\" data-settings=\"{&quot;_animation&quot;:&quot;none&quot;}\" data-widget_type=\"image.default\">\n\t\t\t\t<div class=\"elementor-widget-container\">\n\t\t\t\t\t\t\t\t\t\t\t\t\t\t<a href=\"https:\/\/phorart.com\/wp-content\/uploads\/2024\/04\/Phorart-Maria-Gimeno-Equilibrio-4.jpg\" data-elementor-open-lightbox=\"no\" data-lbwps-width=\"2960\" data-lbwps-height=\"2638\" data-lbwps-srcsmall=\"https:\/\/phorart.com\/wp-content\/uploads\/2024\/04\/Phorart-Maria-Gimeno-Equilibrio-4-300x267.jpg\">\n\t\t\t\t\t\t\t<img loading=\"lazy\" decoding=\"async\" width=\"2560\" height=\"2282\" src=\"https:\/\/phorart.com\/wp-content\/uploads\/2024\/04\/Phorart-Maria-Gimeno-Equilibrio-4-2560x2282.jpg\" class=\"attachment-phorart-2560 size-phorart-2560 wp-image-7489\" alt=\"\" title=\"Phorart-Maria-Gimeno-Equilibrio-4\" srcset=\"https:\/\/phorart.com\/wp-content\/uploads\/2024\/04\/Phorart-Maria-Gimeno-Equilibrio-4-2560x2282.jpg 2560w, https:\/\/phorart.com\/wp-content\/uploads\/2024\/04\/Phorart-Maria-Gimeno-Equilibrio-4-300x267.jpg 300w, https:\/\/phorart.com\/wp-content\/uploads\/2024\/04\/Phorart-Maria-Gimeno-Equilibrio-4-1024x913.jpg 1024w, https:\/\/phorart.com\/wp-content\/uploads\/2024\/04\/Phorart-Maria-Gimeno-Equilibrio-4-768x684.jpg 768w, https:\/\/phorart.com\/wp-content\/uploads\/2024\/04\/Phorart-Maria-Gimeno-Equilibrio-4-1536x1369.jpg 1536w, https:\/\/phorart.com\/wp-content\/uploads\/2024\/04\/Phorart-Maria-Gimeno-Equilibrio-4-2048x1825.jpg 2048w, https:\/\/phorart.com\/wp-content\/uploads\/2024\/04\/Phorart-Maria-Gimeno-Equilibrio-4-640x570.jpg 640w, https:\/\/phorart.com\/wp-content\/uploads\/2024\/04\/Phorart-Maria-Gimeno-Equilibrio-4-500x446.jpg 500w, https:\/\/phorart.com\/wp-content\/uploads\/2024\/04\/Phorart-Maria-Gimeno-Equilibrio-4-550x490.jpg 550w, https:\/\/phorart.com\/wp-content\/uploads\/2024\/04\/Phorart-Maria-Gimeno-Equilibrio-4-400x356.jpg 400w, https:\/\/phorart.com\/wp-content\/uploads\/2024\/04\/Phorart-Maria-Gimeno-Equilibrio-4-1920x1711.jpg 1920w, https:\/\/phorart.com\/wp-content\/uploads\/2024\/04\/Phorart-Maria-Gimeno-Equilibrio-4-2000x1782.jpg 2000w, https:\/\/phorart.com\/wp-content\/uploads\/2024\/04\/Phorart-Maria-Gimeno-Equilibrio-4-1200x1069.jpg 1200w\" sizes=\"(max-width: 2560px) 100vw, 2560px\" \/>\t\t\t\t\t\t\t\t<\/a>\n\t\t\t\t\t\t\t\t\t\t\t\t\t<\/div>\n\t\t\t\t<\/div>\n\t\t\t\t<\/div>\n\t\t<div class=\"wolf-core-elementor-row wolf-core-font- elementor-element elementor-element-dff7fe1 e-con-full e-flex e-con e-child\" data-font-skin=\"\" data-id=\"dff7fe1\" data-element_type=\"container\">\n\t\t\t\t<div class=\" elementor-element elementor-element-d256d60 elementor-widget elementor-widget-image\" data-id=\"d256d60\" data-element_type=\"widget\" data-settings=\"{&quot;_animation&quot;:&quot;none&quot;}\" data-widget_type=\"image.default\">\n\t\t\t\t<div class=\"elementor-widget-container\">\n\t\t\t\t\t\t\t\t\t\t\t\t\t\t<a href=\"https:\/\/phorart.com\/wp-content\/uploads\/2024\/04\/Phorart-Maria-Gimeno-Equilibrio-9.jpg\" data-elementor-open-lightbox=\"no\" data-lbwps-width=\"2960\" data-lbwps-height=\"4440\" data-lbwps-srcsmall=\"https:\/\/phorart.com\/wp-content\/uploads\/2024\/04\/Phorart-Maria-Gimeno-Equilibrio-9-200x300.jpg\">\n\t\t\t\t\t\t\t<img loading=\"lazy\" decoding=\"async\" width=\"2560\" height=\"3840\" src=\"https:\/\/phorart.com\/wp-content\/uploads\/2024\/04\/Phorart-Maria-Gimeno-Equilibrio-9-2560x3840.jpg\" class=\"attachment-phorart-2560 size-phorart-2560 wp-image-7490\" alt=\"\" title=\"Phorart-Maria-Gimeno-Equilibrio-9\" srcset=\"https:\/\/phorart.com\/wp-content\/uploads\/2024\/04\/Phorart-Maria-Gimeno-Equilibrio-9-2560x3840.jpg 2560w, https:\/\/phorart.com\/wp-content\/uploads\/2024\/04\/Phorart-Maria-Gimeno-Equilibrio-9-200x300.jpg 200w, https:\/\/phorart.com\/wp-content\/uploads\/2024\/04\/Phorart-Maria-Gimeno-Equilibrio-9-683x1024.jpg 683w, https:\/\/phorart.com\/wp-content\/uploads\/2024\/04\/Phorart-Maria-Gimeno-Equilibrio-9-768x1152.jpg 768w, https:\/\/phorart.com\/wp-content\/uploads\/2024\/04\/Phorart-Maria-Gimeno-Equilibrio-9-1024x1536.jpg 1024w, https:\/\/phorart.com\/wp-content\/uploads\/2024\/04\/Phorart-Maria-Gimeno-Equilibrio-9-1365x2048.jpg 1365w, https:\/\/phorart.com\/wp-content\/uploads\/2024\/04\/Phorart-Maria-Gimeno-Equilibrio-9-380x570.jpg 380w, https:\/\/phorart.com\/wp-content\/uploads\/2024\/04\/Phorart-Maria-Gimeno-Equilibrio-9-333x500.jpg 333w, https:\/\/phorart.com\/wp-content\/uploads\/2024\/04\/Phorart-Maria-Gimeno-Equilibrio-9-550x825.jpg 550w, https:\/\/phorart.com\/wp-content\/uploads\/2024\/04\/Phorart-Maria-Gimeno-Equilibrio-9-500x750.jpg 500w, https:\/\/phorart.com\/wp-content\/uploads\/2024\/04\/Phorart-Maria-Gimeno-Equilibrio-9-267x400.jpg 267w, https:\/\/phorart.com\/wp-content\/uploads\/2024\/04\/Phorart-Maria-Gimeno-Equilibrio-9-1920x2880.jpg 1920w, https:\/\/phorart.com\/wp-content\/uploads\/2024\/04\/Phorart-Maria-Gimeno-Equilibrio-9-2000x3000.jpg 2000w, https:\/\/phorart.com\/wp-content\/uploads\/2024\/04\/Phorart-Maria-Gimeno-Equilibrio-9-1200x1800.jpg 1200w, https:\/\/phorart.com\/wp-content\/uploads\/2024\/04\/Phorart-Maria-Gimeno-Equilibrio-9-scaled.jpg 1707w\" sizes=\"(max-width: 2560px) 100vw, 2560px\" \/>\t\t\t\t\t\t\t\t<\/a>\n\t\t\t\t\t\t\t\t\t\t\t\t\t<\/div>\n\t\t\t\t<\/div>\n\t\t\t\t<\/div>\n\t\t<div class=\"wolf-core-elementor-row wolf-core-font- elementor-element elementor-element-466ecd2 e-con-full e-flex e-con e-child\" data-font-skin=\"\" data-id=\"466ecd2\" data-element_type=\"container\">\n\t\t\t\t<div class=\" elementor-element elementor-element-6958890 elementor-widget elementor-widget-image\" data-id=\"6958890\" data-element_type=\"widget\" data-settings=\"{&quot;_animation&quot;:&quot;none&quot;}\" data-widget_type=\"image.default\">\n\t\t\t\t<div class=\"elementor-widget-container\">\n\t\t\t\t\t\t\t\t\t\t\t\t\t\t<a href=\"https:\/\/phorart.com\/wp-content\/uploads\/2024\/04\/Phorart-Maria-Gimeno-Equilibrio-13.jpg\" data-elementor-open-lightbox=\"no\" data-lbwps-width=\"2960\" data-lbwps-height=\"4440\" data-lbwps-srcsmall=\"https:\/\/phorart.com\/wp-content\/uploads\/2024\/04\/Phorart-Maria-Gimeno-Equilibrio-13-200x300.jpg\">\n\t\t\t\t\t\t\t<img loading=\"lazy\" decoding=\"async\" width=\"2560\" height=\"3840\" src=\"https:\/\/phorart.com\/wp-content\/uploads\/2024\/04\/Phorart-Maria-Gimeno-Equilibrio-13-2560x3840.jpg\" class=\"attachment-phorart-2560 size-phorart-2560 wp-image-7491\" alt=\"\" title=\"Phorart-Maria-Gimeno-Equilibrio-13\" srcset=\"https:\/\/phorart.com\/wp-content\/uploads\/2024\/04\/Phorart-Maria-Gimeno-Equilibrio-13-2560x3840.jpg 2560w, https:\/\/phorart.com\/wp-content\/uploads\/2024\/04\/Phorart-Maria-Gimeno-Equilibrio-13-200x300.jpg 200w, https:\/\/phorart.com\/wp-content\/uploads\/2024\/04\/Phorart-Maria-Gimeno-Equilibrio-13-683x1024.jpg 683w, https:\/\/phorart.com\/wp-content\/uploads\/2024\/04\/Phorart-Maria-Gimeno-Equilibrio-13-768x1152.jpg 768w, https:\/\/phorart.com\/wp-content\/uploads\/2024\/04\/Phorart-Maria-Gimeno-Equilibrio-13-1024x1536.jpg 1024w, https:\/\/phorart.com\/wp-content\/uploads\/2024\/04\/Phorart-Maria-Gimeno-Equilibrio-13-1365x2048.jpg 1365w, https:\/\/phorart.com\/wp-content\/uploads\/2024\/04\/Phorart-Maria-Gimeno-Equilibrio-13-380x570.jpg 380w, https:\/\/phorart.com\/wp-content\/uploads\/2024\/04\/Phorart-Maria-Gimeno-Equilibrio-13-333x500.jpg 333w, https:\/\/phorart.com\/wp-content\/uploads\/2024\/04\/Phorart-Maria-Gimeno-Equilibrio-13-550x825.jpg 550w, https:\/\/phorart.com\/wp-content\/uploads\/2024\/04\/Phorart-Maria-Gimeno-Equilibrio-13-500x750.jpg 500w, https:\/\/phorart.com\/wp-content\/uploads\/2024\/04\/Phorart-Maria-Gimeno-Equilibrio-13-267x400.jpg 267w, https:\/\/phorart.com\/wp-content\/uploads\/2024\/04\/Phorart-Maria-Gimeno-Equilibrio-13-1920x2880.jpg 1920w, https:\/\/phorart.com\/wp-content\/uploads\/2024\/04\/Phorart-Maria-Gimeno-Equilibrio-13-2000x3000.jpg 2000w, https:\/\/phorart.com\/wp-content\/uploads\/2024\/04\/Phorart-Maria-Gimeno-Equilibrio-13-1200x1800.jpg 1200w, https:\/\/phorart.com\/wp-content\/uploads\/2024\/04\/Phorart-Maria-Gimeno-Equilibrio-13-scaled.jpg 1707w\" sizes=\"(max-width: 2560px) 100vw, 2560px\" \/>\t\t\t\t\t\t\t\t<\/a>\n\t\t\t\t\t\t\t\t\t\t\t\t\t<\/div>\n\t\t\t\t<\/div>\n\t\t\t\t<\/div>\n\t\t\t\t<\/div>\n\t\t<div class=\"wolf-core-elementor-row wolf-core-font- elementor-element elementor-element-b7b02de e-flex e-con-boxed e-con e-parent\" data-font-skin=\"\" data-id=\"b7b02de\" data-element_type=\"container\">\n\t\t\t\t\t<div class=\"e-con-inner\">\n\t\t\t\t<div class=\" elementor-element elementor-element-e2c12e0 elementor-widget elementor-widget-text-editor\" data-id=\"e2c12e0\" data-element_type=\"widget\" data-widget_type=\"text-editor.default\">\n\t\t\t\t<div class=\"elementor-widget-container\">\n\t\t\t\t\t\t\t<p>\u00abEquilibrio\u00bb. Performance de Mar\u00eda Gimeno<\/p>\t\t\t\t\t\t<\/div>\n\t\t\t\t<\/div>\n\t\t\t\t\t<\/div>\n\t\t\t\t<\/div>\n\t\t<div class=\"wolf-core-elementor-row wolf-core-font- elementor-element elementor-element-4c6c0aa e-flex e-con-boxed e-con e-parent\" data-font-skin=\"\" data-id=\"4c6c0aa\" data-element_type=\"container\">\n\t\t\t\t\t<div class=\"e-con-inner\">\n\t\t\t\t<div class=\" elementor-element elementor-element-dde683a phorart-title elementor-widget elementor-widget-text-editor\" data-id=\"dde683a\" data-element_type=\"widget\" data-widget_type=\"text-editor.default\">\n\t\t\t\t<div class=\"elementor-widget-container\">\n\t\t\t\t\t\t\t<p>Al fotografiar performances y acciones art\u00edsticas, en PhorArt recurrimos a nuestras habilidades de reportero: Instinto, velocidad, y como siempre, criterio para valorar lo que est\u00e1 pasando<\/p>\t\t\t\t\t\t<\/div>\n\t\t\t\t<\/div>\n\t\t\t\t\t<\/div>\n\t\t\t\t<\/div>\n\t\t<div class=\"wolf-core-elementor-row wolf-core-font- elementor-element elementor-element-ad53637 e-flex e-con-boxed e-con e-parent\" data-font-skin=\"\" data-id=\"ad53637\" data-element_type=\"container\">\n\t\t\t\t\t<div class=\"e-con-inner\">\n\t\t\t\t<div class=\"elementor-element elementor-element-1824cb5 elementor-widget-divider--view-line elementor-widget elementor-widget-divider\" data-id=\"1824cb5\" data-element_type=\"widget\" data-widget_type=\"divider.default\">\n\t\t\t\t<div class=\"elementor-widget-container\">\n\t\t\t\t\t<div class=\"elementor-divider\">\n\t\t\t<span class=\"elementor-divider-separator\">\n\t\t\t\t\t\t<\/span>\n\t\t<\/div>\n\t\t\t\t<\/div>\n\t\t\t\t<\/div>\n\t\t\t\t<div class=\" elementor-element elementor-element-b6e259d phorart-title elementor-widget elementor-widget-text-editor\" data-id=\"b6e259d\" data-element_type=\"widget\" data-widget_type=\"text-editor.default\">\n\t\t\t\t<div class=\"elementor-widget-container\">\n\t\t\t\t\t\t\t<h3>Reproducci\u00f3n fotogr\u00e1fica y Digitalizaci\u00f3n de Patrimonio Hist\u00f3rico<\/h3>\t\t\t\t\t\t<\/div>\n\t\t\t\t<\/div>\n\t\t\t\t<div class=\" elementor-element elementor-element-df7fb19 elementor-widget__width-initial elementor-widget elementor-widget-image\" data-id=\"df7fb19\" data-element_type=\"widget\" data-settings=\"{&quot;_animation&quot;:&quot;none&quot;}\" data-widget_type=\"image.default\">\n\t\t\t\t<div class=\"elementor-widget-container\">\n\t\t\t\t\t\t\t\t\t\t\t\t\t\t<a href=\"https:\/\/phorart.com\/wp-content\/uploads\/2024\/04\/Phorart-Retablo-Mayor-de-la-Iglesia-del-Monasterio-de-Santa-Maria-de-El-Paular-en-Rascafria.jpg\" data-elementor-open-lightbox=\"no\" data-lbwps-width=\"4982\" data-lbwps-height=\"6222\" data-lbwps-srcsmall=\"https:\/\/phorart.com\/wp-content\/uploads\/2024\/04\/Phorart-Retablo-Mayor-de-la-Iglesia-del-Monasterio-de-Santa-Maria-de-El-Paular-en-Rascafria-240x300.jpg\">\n\t\t\t\t\t\t\t<img loading=\"lazy\" decoding=\"async\" width=\"2560\" height=\"3197\" src=\"https:\/\/phorart.com\/wp-content\/uploads\/2024\/04\/Phorart-Retablo-Mayor-de-la-Iglesia-del-Monasterio-de-Santa-Maria-de-El-Paular-en-Rascafria-2560x3197.jpg\" class=\"attachment-phorart-2560 size-phorart-2560 wp-image-7479\" alt=\"\" title=\"Phorart-Retablo-Mayor-de-la-Iglesia-del-Monasterio-de-Santa-Maria-de-El-Paular-en-Rascafria\" srcset=\"https:\/\/phorart.com\/wp-content\/uploads\/2024\/04\/Phorart-Retablo-Mayor-de-la-Iglesia-del-Monasterio-de-Santa-Maria-de-El-Paular-en-Rascafria-2560x3197.jpg 2560w, https:\/\/phorart.com\/wp-content\/uploads\/2024\/04\/Phorart-Retablo-Mayor-de-la-Iglesia-del-Monasterio-de-Santa-Maria-de-El-Paular-en-Rascafria-240x300.jpg 240w, https:\/\/phorart.com\/wp-content\/uploads\/2024\/04\/Phorart-Retablo-Mayor-de-la-Iglesia-del-Monasterio-de-Santa-Maria-de-El-Paular-en-Rascafria-820x1024.jpg 820w, https:\/\/phorart.com\/wp-content\/uploads\/2024\/04\/Phorart-Retablo-Mayor-de-la-Iglesia-del-Monasterio-de-Santa-Maria-de-El-Paular-en-Rascafria-768x959.jpg 768w, https:\/\/phorart.com\/wp-content\/uploads\/2024\/04\/Phorart-Retablo-Mayor-de-la-Iglesia-del-Monasterio-de-Santa-Maria-de-El-Paular-en-Rascafria-1230x1536.jpg 1230w, https:\/\/phorart.com\/wp-content\/uploads\/2024\/04\/Phorart-Retablo-Mayor-de-la-Iglesia-del-Monasterio-de-Santa-Maria-de-El-Paular-en-Rascafria-1640x2048.jpg 1640w, https:\/\/phorart.com\/wp-content\/uploads\/2024\/04\/Phorart-Retablo-Mayor-de-la-Iglesia-del-Monasterio-de-Santa-Maria-de-El-Paular-en-Rascafria-456x570.jpg 456w, https:\/\/phorart.com\/wp-content\/uploads\/2024\/04\/Phorart-Retablo-Mayor-de-la-Iglesia-del-Monasterio-de-Santa-Maria-de-El-Paular-en-Rascafria-400x500.jpg 400w, https:\/\/phorart.com\/wp-content\/uploads\/2024\/04\/Phorart-Retablo-Mayor-de-la-Iglesia-del-Monasterio-de-Santa-Maria-de-El-Paular-en-Rascafria-550x687.jpg 550w, https:\/\/phorart.com\/wp-content\/uploads\/2024\/04\/Phorart-Retablo-Mayor-de-la-Iglesia-del-Monasterio-de-Santa-Maria-de-El-Paular-en-Rascafria-500x624.jpg 500w, https:\/\/phorart.com\/wp-content\/uploads\/2024\/04\/Phorart-Retablo-Mayor-de-la-Iglesia-del-Monasterio-de-Santa-Maria-de-El-Paular-en-Rascafria-320x400.jpg 320w, https:\/\/phorart.com\/wp-content\/uploads\/2024\/04\/Phorart-Retablo-Mayor-de-la-Iglesia-del-Monasterio-de-Santa-Maria-de-El-Paular-en-Rascafria-1920x2398.jpg 1920w, https:\/\/phorart.com\/wp-content\/uploads\/2024\/04\/Phorart-Retablo-Mayor-de-la-Iglesia-del-Monasterio-de-Santa-Maria-de-El-Paular-en-Rascafria-2000x2498.jpg 2000w, https:\/\/phorart.com\/wp-content\/uploads\/2024\/04\/Phorart-Retablo-Mayor-de-la-Iglesia-del-Monasterio-de-Santa-Maria-de-El-Paular-en-Rascafria-1200x1499.jpg 1200w\" sizes=\"(max-width: 2560px) 100vw, 2560px\" \/>\t\t\t\t\t\t\t\t<\/a>\n\t\t\t\t\t\t\t\t\t\t\t\t\t<\/div>\n\t\t\t\t<\/div>\n\t\t\t\t<div class=\" elementor-element elementor-element-7e39721 elementor-widget elementor-widget-text-editor\" data-id=\"7e39721\" data-element_type=\"widget\" data-widget_type=\"text-editor.default\">\n\t\t\t\t<div class=\"elementor-widget-container\">\n\t\t\t\t\t\t\t<p>Retablo Mayor de la Iglesia del Monasterio de Santa Mar\u00eda de el Paular en Rascafr\u00eda (Madrid), para Tracer Restauraci\u00f3n y Conservaci\u00f3n S.L<\/p>\t\t\t\t\t\t<\/div>\n\t\t\t\t<\/div>\n\t\t\t\t\t<\/div>\n\t\t\t\t<\/div>\n\t\t\t\t<\/div>\n\t\t","protected":false},"excerpt":{"rendered":"<p>Fotograf\u00eda de Escultura y otras disciplinas art\u00edsticas Exposici\u00f3n \u00abCanon\u00bb de Mateo Mat\u00e9 en la Sala Alcal\u00e1 31 de la Comunidad de Madrid Las pr\u00e1cticas art\u00edsticas contempor\u00e1neas desbordan el concepto de \u201creproducci\u00f3n\u201d. Esculturas, artefactos, instalaciones, acciones y performances, videoarte, land art\u2026 No se reproducen, se cuentan. En PhorArt, nuestra apasionada actividad con la fotograf\u00eda nos ha&#8230;<\/p>\n<p><a rel=\"bookmark\" class=\"theme-button-primary wolf-core-button wolf-core-button-size-md\" href=\"https:\/\/phorart.com\/fr\/fotografia-de-escultura-y-otras-disciplinas-artisticas\/\"><span>Continue reading<\/span><\/a><\/p>\n","protected":false},"author":1,"featured_media":0,"parent":0,"menu_order":0,"comment_status":"closed","ping_status":"closed","template":"","meta":{"footnotes":""},"class_list":{"0":"post-9925","1":"page","2":"type-page","3":"status-publish","4":"hentry","5":"entry","6":"clearfix","7":"entry-grid","8":"entry-columns-default","9":"entry-page-module-layout-standard","10":"no-post-thumbnail","11":"entry-page","13":"entry-page-grid"},"yoast_head":"<!-- This site is optimized with the Yoast SEO plugin v27.5 - https:\/\/yoast.com\/product\/yoast-seo-wordpress\/ -->\n<title>Fotograf\u00eda de Escultura y otras disciplinas art\u00edsticas - PhorArt<\/title>\n<meta name=\"description\" content=\"Fotograf\u00eda de Escultura y disciplinas art\u00edsticas: Fotograf\u00eda de Instalaciones, Arte P\u00fablico, Land Art, Reportaje de Acciones Art\u00edsticas, Performances\" \/>\n<meta name=\"robots\" content=\"index, follow, max-snippet:-1, max-image-preview:large, max-video-preview:-1\" \/>\n<link rel=\"canonical\" href=\"https:\/\/phorart.com\/fr\/fotografia-de-escultura-y-otras-disciplinas-artisticas\/\" \/>\n<meta property=\"og:locale\" content=\"fr_FR\" \/>\n<meta property=\"og:type\" content=\"article\" \/>\n<meta property=\"og:title\" content=\"Fotograf\u00eda de Escultura y otras disciplinas art\u00edsticas - PhorArt\" \/>\n<meta property=\"og:description\" content=\"Fotograf\u00eda de Escultura y disciplinas art\u00edsticas: Fotograf\u00eda de Instalaciones, Arte P\u00fablico, Land Art, Reportaje de Acciones Art\u00edsticas, Performances\" \/>\n<meta property=\"og:url\" content=\"https:\/\/phorart.com\/fr\/fotografia-de-escultura-y-otras-disciplinas-artisticas\/\" \/>\n<meta property=\"og:site_name\" content=\"PhorArt\" \/>\n<meta property=\"article:modified_time\" content=\"2024-05-09T09:31:16+00:00\" \/>\n<meta property=\"og:image\" content=\"https:\/\/phorart.com\/wp-content\/uploads\/2024\/04\/Phorart-Mateo-Mate-Canon-3-scaled.jpg\" \/>\n<meta name=\"twitter:card\" content=\"summary_large_image\" \/>\n<script type=\"application\/ld+json\" class=\"yoast-schema-graph\">{\"@context\":\"https:\\\/\\\/schema.org\",\"@graph\":[{\"@type\":\"WebPage\",\"@id\":\"https:\\\/\\\/phorart.com\\\/fr\\\/fotografia-de-escultura-y-otras-disciplinas-artisticas\\\/\",\"url\":\"https:\\\/\\\/phorart.com\\\/fr\\\/fotografia-de-escultura-y-otras-disciplinas-artisticas\\\/\",\"name\":\"Fotograf\u00eda de Escultura y otras disciplinas art\u00edsticas - PhorArt\",\"isPartOf\":{\"@id\":\"https:\\\/\\\/phorart.com\\\/fr\\\/#website\"},\"primaryImageOfPage\":{\"@id\":\"https:\\\/\\\/phorart.com\\\/fr\\\/fotografia-de-escultura-y-otras-disciplinas-artisticas\\\/#primaryimage\"},\"image\":{\"@id\":\"https:\\\/\\\/phorart.com\\\/fr\\\/fotografia-de-escultura-y-otras-disciplinas-artisticas\\\/#primaryimage\"},\"thumbnailUrl\":\"https:\\\/\\\/phorart.com\\\/wp-content\\\/uploads\\\/2024\\\/04\\\/Phorart-Mateo-Mate-Canon-3-scaled.jpg\",\"datePublished\":\"2024-04-18T14:38:10+00:00\",\"dateModified\":\"2024-05-09T09:31:16+00:00\",\"description\":\"Fotograf\u00eda de Escultura y disciplinas art\u00edsticas: Fotograf\u00eda de Instalaciones, Arte P\u00fablico, Land Art, Reportaje de Acciones Art\u00edsticas, Performances\",\"breadcrumb\":{\"@id\":\"https:\\\/\\\/phorart.com\\\/fr\\\/fotografia-de-escultura-y-otras-disciplinas-artisticas\\\/#breadcrumb\"},\"inLanguage\":\"fr-FR\",\"potentialAction\":[{\"@type\":\"ReadAction\",\"target\":[\"https:\\\/\\\/phorart.com\\\/fr\\\/fotografia-de-escultura-y-otras-disciplinas-artisticas\\\/\"]}]},{\"@type\":\"ImageObject\",\"inLanguage\":\"fr-FR\",\"@id\":\"https:\\\/\\\/phorart.com\\\/fr\\\/fotografia-de-escultura-y-otras-disciplinas-artisticas\\\/#primaryimage\",\"url\":\"https:\\\/\\\/phorart.com\\\/wp-content\\\/uploads\\\/2024\\\/04\\\/Phorart-Mateo-Mate-Canon-3-scaled.jpg\",\"contentUrl\":\"https:\\\/\\\/phorart.com\\\/wp-content\\\/uploads\\\/2024\\\/04\\\/Phorart-Mateo-Mate-Canon-3-scaled.jpg\"},{\"@type\":\"BreadcrumbList\",\"@id\":\"https:\\\/\\\/phorart.com\\\/fr\\\/fotografia-de-escultura-y-otras-disciplinas-artisticas\\\/#breadcrumb\",\"itemListElement\":[{\"@type\":\"ListItem\",\"position\":1,\"name\":\"Portada\",\"item\":\"https:\\\/\\\/phorart.com\\\/fr\\\/\"},{\"@type\":\"ListItem\",\"position\":2,\"name\":\"Fotograf\u00eda de Escultura y otras disciplinas art\u00edsticas\"}]},{\"@type\":\"WebSite\",\"@id\":\"https:\\\/\\\/phorart.com\\\/fr\\\/#website\",\"url\":\"https:\\\/\\\/phorart.com\\\/fr\\\/\",\"name\":\"Phorart - Pedro Marti\u0301nez de Albornoz\",\"description\":\"Photography for Art - Pedro Albornoz\",\"publisher\":{\"@id\":\"https:\\\/\\\/phorart.com\\\/fr\\\/#\\\/schema\\\/person\\\/7279380733a37c011b56bad8de44fc23\"},\"potentialAction\":[{\"@type\":\"SearchAction\",\"target\":{\"@type\":\"EntryPoint\",\"urlTemplate\":\"https:\\\/\\\/phorart.com\\\/fr\\\/?s={search_term_string}\"},\"query-input\":{\"@type\":\"PropertyValueSpecification\",\"valueRequired\":true,\"valueName\":\"search_term_string\"}}],\"inLanguage\":\"fr-FR\"},{\"@type\":[\"Person\",\"Organization\"],\"@id\":\"https:\\\/\\\/phorart.com\\\/fr\\\/#\\\/schema\\\/person\\\/7279380733a37c011b56bad8de44fc23\",\"name\":\"Pedro PhorArt\",\"image\":{\"@type\":\"ImageObject\",\"inLanguage\":\"fr-FR\",\"@id\":\"https:\\\/\\\/phorart.com\\\/wp-content\\\/uploads\\\/2024\\\/04\\\/phorart-696.jpg\",\"url\":\"https:\\\/\\\/phorart.com\\\/wp-content\\\/uploads\\\/2024\\\/04\\\/phorart-696.jpg\",\"contentUrl\":\"https:\\\/\\\/phorart.com\\\/wp-content\\\/uploads\\\/2024\\\/04\\\/phorart-696.jpg\",\"width\":696,\"height\":696,\"caption\":\"Pedro PhorArt\"},\"logo\":{\"@id\":\"https:\\\/\\\/phorart.com\\\/wp-content\\\/uploads\\\/2024\\\/04\\\/phorart-696.jpg\"},\"sameAs\":[\"http:\\\/\\\/www.pedroalbornoz.com\"]}]}<\/script>\n<!-- \/ Yoast SEO plugin. -->","yoast_head_json":{"title":"Fotograf\u00eda de Escultura y otras disciplinas art\u00edsticas - PhorArt","description":"Fotograf\u00eda de Escultura y disciplinas art\u00edsticas: Fotograf\u00eda de Instalaciones, Arte P\u00fablico, Land Art, Reportaje de Acciones Art\u00edsticas, Performances","robots":{"index":"index","follow":"follow","max-snippet":"max-snippet:-1","max-image-preview":"max-image-preview:large","max-video-preview":"max-video-preview:-1"},"canonical":"https:\/\/phorart.com\/fr\/fotografia-de-escultura-y-otras-disciplinas-artisticas\/","og_locale":"fr_FR","og_type":"article","og_title":"Fotograf\u00eda de Escultura y otras disciplinas art\u00edsticas - PhorArt","og_description":"Fotograf\u00eda de Escultura y disciplinas art\u00edsticas: Fotograf\u00eda de Instalaciones, Arte P\u00fablico, Land Art, Reportaje de Acciones Art\u00edsticas, Performances","og_url":"https:\/\/phorart.com\/fr\/fotografia-de-escultura-y-otras-disciplinas-artisticas\/","og_site_name":"PhorArt","article_modified_time":"2024-05-09T09:31:16+00:00","og_image":[{"url":"https:\/\/phorart.com\/wp-content\/uploads\/2024\/04\/Phorart-Mateo-Mate-Canon-3-scaled.jpg","type":"","width":"","height":""}],"twitter_card":"summary_large_image","schema":{"@context":"https:\/\/schema.org","@graph":[{"@type":"WebPage","@id":"https:\/\/phorart.com\/fr\/fotografia-de-escultura-y-otras-disciplinas-artisticas\/","url":"https:\/\/phorart.com\/fr\/fotografia-de-escultura-y-otras-disciplinas-artisticas\/","name":"Fotograf\u00eda de Escultura y otras disciplinas art\u00edsticas - PhorArt","isPartOf":{"@id":"https:\/\/phorart.com\/fr\/#website"},"primaryImageOfPage":{"@id":"https:\/\/phorart.com\/fr\/fotografia-de-escultura-y-otras-disciplinas-artisticas\/#primaryimage"},"image":{"@id":"https:\/\/phorart.com\/fr\/fotografia-de-escultura-y-otras-disciplinas-artisticas\/#primaryimage"},"thumbnailUrl":"https:\/\/phorart.com\/wp-content\/uploads\/2024\/04\/Phorart-Mateo-Mate-Canon-3-scaled.jpg","datePublished":"2024-04-18T14:38:10+00:00","dateModified":"2024-05-09T09:31:16+00:00","description":"Fotograf\u00eda de Escultura y disciplinas art\u00edsticas: Fotograf\u00eda de Instalaciones, Arte P\u00fablico, Land Art, Reportaje de Acciones Art\u00edsticas, Performances","breadcrumb":{"@id":"https:\/\/phorart.com\/fr\/fotografia-de-escultura-y-otras-disciplinas-artisticas\/#breadcrumb"},"inLanguage":"fr-FR","potentialAction":[{"@type":"ReadAction","target":["https:\/\/phorart.com\/fr\/fotografia-de-escultura-y-otras-disciplinas-artisticas\/"]}]},{"@type":"ImageObject","inLanguage":"fr-FR","@id":"https:\/\/phorart.com\/fr\/fotografia-de-escultura-y-otras-disciplinas-artisticas\/#primaryimage","url":"https:\/\/phorart.com\/wp-content\/uploads\/2024\/04\/Phorart-Mateo-Mate-Canon-3-scaled.jpg","contentUrl":"https:\/\/phorart.com\/wp-content\/uploads\/2024\/04\/Phorart-Mateo-Mate-Canon-3-scaled.jpg"},{"@type":"BreadcrumbList","@id":"https:\/\/phorart.com\/fr\/fotografia-de-escultura-y-otras-disciplinas-artisticas\/#breadcrumb","itemListElement":[{"@type":"ListItem","position":1,"name":"Portada","item":"https:\/\/phorart.com\/fr\/"},{"@type":"ListItem","position":2,"name":"Fotograf\u00eda de Escultura y otras disciplinas art\u00edsticas"}]},{"@type":"WebSite","@id":"https:\/\/phorart.com\/fr\/#website","url":"https:\/\/phorart.com\/fr\/","name":"Phorart - Pedro Marti\u0301nez de Albornoz","description":"Photography for Art - Pedro Albornoz","publisher":{"@id":"https:\/\/phorart.com\/fr\/#\/schema\/person\/7279380733a37c011b56bad8de44fc23"},"potentialAction":[{"@type":"SearchAction","target":{"@type":"EntryPoint","urlTemplate":"https:\/\/phorart.com\/fr\/?s={search_term_string}"},"query-input":{"@type":"PropertyValueSpecification","valueRequired":true,"valueName":"search_term_string"}}],"inLanguage":"fr-FR"},{"@type":["Person","Organization"],"@id":"https:\/\/phorart.com\/fr\/#\/schema\/person\/7279380733a37c011b56bad8de44fc23","name":"Pedro PhorArt","image":{"@type":"ImageObject","inLanguage":"fr-FR","@id":"https:\/\/phorart.com\/wp-content\/uploads\/2024\/04\/phorart-696.jpg","url":"https:\/\/phorart.com\/wp-content\/uploads\/2024\/04\/phorart-696.jpg","contentUrl":"https:\/\/phorart.com\/wp-content\/uploads\/2024\/04\/phorart-696.jpg","width":696,"height":696,"caption":"Pedro PhorArt"},"logo":{"@id":"https:\/\/phorart.com\/wp-content\/uploads\/2024\/04\/phorart-696.jpg"},"sameAs":["http:\/\/www.pedroalbornoz.com"]}]}},"_links":{"self":[{"href":"https:\/\/phorart.com\/fr\/wp-json\/wp\/v2\/pages\/9925","targetHints":{"allow":["GET"]}}],"collection":[{"href":"https:\/\/phorart.com\/fr\/wp-json\/wp\/v2\/pages"}],"about":[{"href":"https:\/\/phorart.com\/fr\/wp-json\/wp\/v2\/types\/page"}],"author":[{"embeddable":true,"href":"https:\/\/phorart.com\/fr\/wp-json\/wp\/v2\/users\/1"}],"replies":[{"embeddable":true,"href":"https:\/\/phorart.com\/fr\/wp-json\/wp\/v2\/comments?post=9925"}],"version-history":[{"count":1,"href":"https:\/\/phorart.com\/fr\/wp-json\/wp\/v2\/pages\/9925\/revisions"}],"predecessor-version":[{"id":9927,"href":"https:\/\/phorart.com\/fr\/wp-json\/wp\/v2\/pages\/9925\/revisions\/9927"}],"wp:attachment":[{"href":"https:\/\/phorart.com\/fr\/wp-json\/wp\/v2\/media?parent=9925"}],"curies":[{"name":"wp","href":"https:\/\/api.w.org\/{rel}","templated":true}]}}